{"id":7518,"date":"2023-12-20T09:36:05","date_gmt":"2023-12-20T08:36:05","guid":{"rendered":"https:\/\/www.hplatjadaro.com\/impressum\/"},"modified":"2026-08-19T13:16:17","modified_gmt":"2026-08-19T11:16:17","slug":"impressum","status":"publish","type":"page","link":"https:\/\/www.hplatjadaro.com\/de\/impressum\/","title":{"rendered":"Impressum"},"content":{"rendered":"\t\t<div data-elementor-type=\"wp-page\" data-elementor-id=\"7518\" class=\"elementor elementor-7518 elementor-4442\" data-elementor-post-type=\"page\">\n\t\t\t\t<div class=\"elementor-element elementor-element-24cbbea e-flex e-con-boxed e-con e-parent\" data-id=\"24cbbea\" data-element_type=\"container\" data-e-type=\"container\" data-settings=\"{&quot;background_background&quot;:&quot;classic&quot;}\">\n\t\t\t\t\t<div class=\"e-con-inner\">\n\t\t\t\t<div class=\"elementor-element elementor-element-0c1d88f elementor-widget elementor-widget-heading\" data-id=\"0c1d88f\" data-element_type=\"widget\" data-e-type=\"widget\" data-widget_type=\"heading.default\">\n\t\t\t\t<div class=\"elementor-widget-container\">\n\t\t\t\t\t<h1 class=\"elementor-heading-title elementor-size-default\">Impressum<\/h1>\t\t\t\t<\/div>\n\t\t\t\t<\/div>\n\t\t\t\t\t<\/div>\n\t\t\t\t<\/div>\n\t\t<div class=\"elementor-element elementor-element-ea44671 e-flex e-con-boxed e-con e-parent\" data-id=\"ea44671\" data-element_type=\"container\" data-e-type=\"container\">\n\t\t\t\t\t<div class=\"e-con-inner\">\n\t\t\t\t<div class=\"elementor-element elementor-element-fb9b4e3 elementor-widget elementor-widget-text-editor\" data-id=\"fb9b4e3\" data-element_type=\"widget\" data-e-type=\"widget\" data-widget_type=\"text-editor.default\">\n\t\t\t\t<div class=\"elementor-widget-container\">\n\t\t\t\t\t\t\t\t\t<p><strong>DATENSCHUTZ CASTELL DE CAMOS, S.L.<\/strong><\/p><p>Das Unternehmen garantiert den Nutzern der Website, dass es die Datenschutz-Grundverordnung (EU) 2016\/679 einh\u00e4lt und die von den Gesetzen und Vorschriften geforderten Sicherheitsma\u00dfnahmen zum Schutz der Geheimhaltung, Vertraulichkeit und Integrit\u00e4t bei der Verarbeitung ihrer personenbezogenen Daten getroffen hat.<\/p><p>Diese personenbezogenen Daten werden in der Form und mit den Beschr\u00e4nkungen und Rechten verwendet, die der Schutz personenbezogener Daten gew\u00e4hrt.<\/p><p>Die Erhebung und Verarbeitung der angeforderten personenbezogenen Daten dient der Betreuung des Nutzers, sowohl verwaltungstechnisch als auch kommerziell. Castell de Camos, S.L. verpflichtet sich, gr\u00f6\u00dfte Zur\u00fcckhaltung, Geheimhaltung und Vertraulichkeit \u00fcber die Informationen der ihr zur Verf\u00fcgung stehenden personenbezogenen Daten zu wahren. Sie haben das Recht, eine Best\u00e4tigung dar\u00fcber zu erhalten, ob Castell de Camos, S.L. Ihre personenbezogenen Daten verarbeitet, und somit das Recht, auf Ihre personenbezogenen Daten zuzugreifen, unrichtige Daten zu berichtigen oder deren L\u00f6schung zu verlangen, wenn die Daten f\u00fcr die Zwecke, f\u00fcr die sie erhoben wurden, nicht mehr erforderlich sind.<\/p><p><strong>IMPRESSUM LSSI \u2013 CE<\/strong><\/p><p>In \u00dcbereinstimmung mit dem Gesetz 34\/2002 vom 11. Juli \u00fcber Dienste der Informationsgesellschaft und des elektronischen Gesch\u00e4ftsverkehrs (LSSI-CE) informiert Sie das Unternehmen Castell de Camos, S.L. dar\u00fcber, dass es Inhaber der Website ist. Gem\u00e4\u00df der Anforderung von Artikel 10 des genannten Gesetzes werden folgende Daten mitgeteilt:<\/p><p>Der Inhaber dieser Website ist:<\/p><p><strong>Castell de Camos, S.L.<\/strong><br \/><strong>NIF:<\/strong> B17649757<br \/><strong>Gesch\u00e4ftssitz:<\/strong> Av. de la Platja, 25 &#8211; Catell D\u00b4Aro 17249 Girona<\/p><p><strong>NUTZER<\/strong><\/p><p>Der Zugang zu und\/oder die Nutzung dieses Portals verleiht Ihnen die Eigenschaft eines NUTZERS, der mit diesem Zugang und\/oder dieser Nutzung die hier wiedergegebenen Allgemeinen Nutzungsbedingungen akzeptiert. Diese Bedingungen gelten unabh\u00e4ngig von den allgemeinen Vertragsbedingungen, die gegebenenfalls verpflichtend sein k\u00f6nnen.<\/p><p><strong>NUTZUNG DES PORTALS<\/strong><\/p><p>Die Website bietet Zugang zu einer Vielzahl von Informationen, Diensten, Programmen oder Daten (nachfolgend die Inhalte) im Internet, die Castell de Camos, S.L. oder ihren Lizenzgebern geh\u00f6ren und zu denen der NUTZER Zugang haben kann. Der NUTZER \u00fcbernimmt die Verantwortung f\u00fcr die Nutzung des Portals. Diese Verantwortung erstreckt sich auf die Registrierung, die f\u00fcr den Zugang zu bestimmten Diensten oder Inhalten erforderlich ist.<\/p><p>Bei dieser Registrierung ist der NUTZER daf\u00fcr verantwortlich, wahrheitsgem\u00e4\u00dfe und rechtm\u00e4\u00dfige Informationen bereitzustellen. Infolge dieser Registrierung kann dem NUTZER ein Passwort zur Verf\u00fcgung gestellt werden, f\u00fcr das er verantwortlich ist und dessen sorgf\u00e4ltige und vertrauliche Nutzung er sich verpflichtet. Der NUTZER verpflichtet sich, die Inhalte und Dienste, die Castell de Camos, S.L. \u00fcber ihr Portal anbietet, angemessen zu nutzen und, beispielhaft, aber nicht abschlie\u00dfend, sie nicht zu verwenden, um: rechtswidrige, illegale oder gegen Treu und Glauben und die \u00f6ffentliche Ordnung versto\u00dfende Aktivit\u00e4ten auszu\u00fcben; Inhalte oder Propaganda rassistischer, fremdenfeindlicher, pornografisch-illegaler Art, zur Verherrlichung des Terrorismus oder zur Verletzung der Menschenrechte zu verbreiten; Sch\u00e4den an den physischen und logischen Systemen von Castell de Camos, S.L., ihren Lieferanten oder Dritten zu verursachen, Computerviren oder andere physische oder logische Systeme, die die genannten Sch\u00e4den verursachen k\u00f6nnen, ins Netz einzuf\u00fchren oder zu verbreiten; zu versuchen, auf die E-Mail-Konten anderer Nutzer zuzugreifen und diese gegebenenfalls zu nutzen und deren Nachrichten zu \u00e4ndern oder zu manipulieren. Castell de Camos, S.L. beh\u00e4lt sich das Recht vor, alle Kommentare und Beitr\u00e4ge zu entfernen, die die Achtung der W\u00fcrde der Person verletzen, die diskriminierend, fremdenfeindlich, rassistisch, pornografisch sind, die die Jugend oder Kindheit, die \u00f6ffentliche Ordnung oder Sicherheit gef\u00e4hrden oder die ihrer Ansicht nach nicht zur Ver\u00f6ffentlichung geeignet sind. In jedem Fall ist Castell de Camos, S.L. nicht verantwortlich f\u00fcr die von den Nutzern \u00fcber Foren, Chats oder andere Beteiligungswerkzeuge ge\u00e4u\u00dferten Meinungen.<\/p><p><strong>GEISTIGES UND GEWERBLICHES EIGENTUM<\/strong><\/p><p>Castell de Camos, S.L. ist Inhaberin aller Rechte des geistigen und gewerblichen Eigentums ihrer Website sowie der darin enthaltenen Elemente (beispielhaft Bilder, Ton, Audio, Video, Software oder Texte; Marken oder Logos, Farbkombinationen, Struktur und Design, Auswahl der verwendeten Materialien, f\u00fcr ihren Betrieb, Zugang und ihre Nutzung notwendige Computerprogramme usw.).<\/p><p>Alle Rechte vorbehalten. Gem\u00e4\u00df den Bestimmungen der Artikel 8 und 32.1, zweiter Absatz, des Gesetzes \u00fcber geistiges Eigentum sind die Vervielf\u00e4ltigung, Verbreitung und \u00f6ffentliche Wiedergabe, einschlie\u00dflich ihrer Modalit\u00e4t der Zug\u00e4nglichmachung, der Gesamtheit oder eines Teils der Inhalte dieser Website zu kommerziellen Zwecken auf jedem Tr\u00e4ger und mit jedem technischen Mittel ausdr\u00fccklich untersagt.<\/p>\t\t\t\t\t\t\t\t<\/div>\n\t\t\t\t<\/div>\n\t\t\t\t\t<\/div>\n\t\t\t\t<\/div>\n\t\t\t\t<\/div>\n\t\t","protected":false},"excerpt":{"rendered":"<p>Impressum DATENSCHUTZ CASTELL DE CAMOS, S.L. Das Unternehmen garantiert den Nutzern der Website, dass es die Datenschutz-Grundverordnung (EU) 2016\/679 einh\u00e4lt und die von den Gesetzen und Vorschriften geforderten Sicherheitsma\u00dfnahmen zum Schutz der Geheimhaltung, Vertraulichkeit und Integrit\u00e4t bei der Verarbeitung ihrer personenbezogenen Daten getroffen hat. Diese personenbezogenen Daten werden in der Form und mit den Beschr\u00e4nkungen&hellip;&nbsp;<\/p>\n","protected":false},"author":1,"featured_media":0,"parent":0,"menu_order":0,"comment_status":"closed","ping_status":"closed","template":"elementor_header_footer","meta":{"_acf_changed":false,"neve_meta_sidebar":"","neve_meta_container":"","neve_meta_enable_content_width":"off","neve_meta_content_width":100,"neve_meta_title_alignment":"","neve_meta_author_avatar":"","neve_post_elements_order":"","neve_meta_disable_header":"","neve_meta_disable_footer":"","neve_meta_disable_title":"","neve_meta_reading_time":"","footnotes":""},"class_list":["post-7518","page","type-page","status-publish","hentry"],"acf":[],"yoast_head":"<!-- This site is optimized with the Yoast SEO plugin v28.4 - https:\/\/yoast.com\/product\/yoast-seo-wordpress\/ -->\n<title>Impressum | Hotel Platja d&#039;Aro<\/title>\n<meta name=\"robots\" content=\"noindex, follow\" \/>\n<meta property=\"og:locale\" content=\"de_DE\" \/>\n<meta property=\"og:type\" content=\"article\" \/>\n<meta property=\"og:title\" content=\"Impressum | Hotel Platja d&#039;Aro\" \/>\n<meta property=\"og:description\" content=\"Impressum DATENSCHUTZ CASTELL DE CAMOS, S.L. Das Unternehmen garantiert den Nutzern der Website, dass es die Datenschutz-Grundverordnung (EU) 2016\/679 einh\u00e4lt und die von den Gesetzen und Vorschriften geforderten Sicherheitsma\u00dfnahmen zum Schutz der Geheimhaltung, Vertraulichkeit und Integrit\u00e4t bei der Verarbeitung ihrer personenbezogenen Daten getroffen hat. Diese personenbezogenen Daten werden in der Form und mit den Beschr\u00e4nkungen&hellip;&nbsp;\" \/>\n<meta property=\"og:url\" content=\"https:\/\/www.hplatjadaro.com\/de\/impressum\/\" \/>\n<meta property=\"og:site_name\" content=\"Hotel Platja d&#039;Aro\" \/>\n<meta property=\"article:modified_time\" content=\"2026-08-19T11:16:17+00:00\" \/>\n<meta property=\"og:image\" content=\"https:\/\/www.hplatjadaro.com\/wp-content\/uploads\/2024\/04\/Aromar.jpg\" \/>\n\t<meta property=\"og:image:width\" content=\"1200\" \/>\n\t<meta property=\"og:image:height\" content=\"675\" \/>\n\t<meta property=\"og:image:type\" content=\"image\/jpeg\" \/>\n<meta name=\"twitter:card\" content=\"summary_large_image\" \/>\n<meta name=\"twitter:label1\" content=\"Gesch\u00e4tzte Lesezeit\" \/>\n\t<meta name=\"twitter:data1\" content=\"4\u00a0Minuten\" \/>\n<script type=\"application\/ld+json\" class=\"yoast-schema-graph\">{\"@context\":\"https:\\\/\\\/schema.org\",\"@graph\":[{\"@type\":\"WebPage\",\"@id\":\"https:\\\/\\\/www.hplatjadaro.com\\\/de\\\/impressum\\\/\",\"url\":\"https:\\\/\\\/www.hplatjadaro.com\\\/de\\\/impressum\\\/\",\"name\":\"Impressum | Hotel Platja d&#039;Aro\",\"isPartOf\":{\"@id\":\"https:\\\/\\\/www.hplatjadaro.com\\\/de\\\/#website\"},\"datePublished\":\"2023-12-20T08:36:05+00:00\",\"dateModified\":\"2026-08-19T11:16:17+00:00\",\"breadcrumb\":{\"@id\":\"https:\\\/\\\/www.hplatjadaro.com\\\/de\\\/impressum\\\/#breadcrumb\"},\"inLanguage\":\"de\",\"potentialAction\":[{\"@type\":\"ReadAction\",\"target\":[\"https:\\\/\\\/www.hplatjadaro.com\\\/de\\\/impressum\\\/\"]}]},{\"@type\":\"BreadcrumbList\",\"@id\":\"https:\\\/\\\/www.hplatjadaro.com\\\/de\\\/impressum\\\/#breadcrumb\",\"itemListElement\":[{\"@type\":\"ListItem\",\"position\":1,\"name\":\"Portada\",\"item\":\"https:\\\/\\\/www.hplatjadaro.com\\\/de\\\/\"},{\"@type\":\"ListItem\",\"position\":2,\"name\":\"Impressum\"}]},{\"@type\":\"WebSite\",\"@id\":\"https:\\\/\\\/www.hplatjadaro.com\\\/de\\\/#website\",\"url\":\"https:\\\/\\\/www.hplatjadaro.com\\\/de\\\/\",\"name\":\"Aromar Hotels & Restaurants\",\"description\":\"Hotel familiar a Platja d&#039;Aro, Costa Brava\",\"publisher\":{\"@id\":\"https:\\\/\\\/www.hplatjadaro.com\\\/de\\\/#organization\"},\"alternateName\":\"Aromar Hotels & Restaurants\",\"potentialAction\":[{\"@type\":\"SearchAction\",\"target\":{\"@type\":\"EntryPoint\",\"urlTemplate\":\"https:\\\/\\\/www.hplatjadaro.com\\\/de\\\/?s={search_term_string}\"},\"query-input\":{\"@type\":\"PropertyValueSpecification\",\"valueRequired\":true,\"valueName\":\"search_term_string\"}}],\"inLanguage\":\"de\"},{\"@type\":\"Organization\",\"@id\":\"https:\\\/\\\/www.hplatjadaro.com\\\/de\\\/#organization\",\"name\":\"Hotel Platja d'Aro\",\"alternateName\":\"Aromar Hotels\",\"url\":\"https:\\\/\\\/www.hplatjadaro.com\\\/de\\\/\",\"logo\":{\"@type\":\"ImageObject\",\"inLanguage\":\"de\",\"@id\":\"https:\\\/\\\/www.hplatjadaro.com\\\/de\\\/#\\\/schema\\\/logo\\\/image\\\/\",\"url\":\"https:\\\/\\\/www.hplatjadaro.com\\\/wp-content\\\/uploads\\\/2024\\\/04\\\/Aromar-2.jpg\",\"contentUrl\":\"https:\\\/\\\/www.hplatjadaro.com\\\/wp-content\\\/uploads\\\/2024\\\/04\\\/Aromar-2.jpg\",\"width\":696,\"height\":696,\"caption\":\"Hotel Platja d'Aro\"},\"image\":{\"@id\":\"https:\\\/\\\/www.hplatjadaro.com\\\/de\\\/#\\\/schema\\\/logo\\\/image\\\/\"}}]}<\/script>\n<!-- \/ Yoast SEO plugin. -->","yoast_head_json":{"title":"Impressum | Hotel Platja d&#039;Aro","robots":{"index":"noindex","follow":"follow"},"og_locale":"de_DE","og_type":"article","og_title":"Impressum | Hotel Platja d&#039;Aro","og_description":"Impressum DATENSCHUTZ CASTELL DE CAMOS, S.L. Das Unternehmen garantiert den Nutzern der Website, dass es die Datenschutz-Grundverordnung (EU) 2016\/679 einh\u00e4lt und die von den Gesetzen und Vorschriften geforderten Sicherheitsma\u00dfnahmen zum Schutz der Geheimhaltung, Vertraulichkeit und Integrit\u00e4t bei der Verarbeitung ihrer personenbezogenen Daten getroffen hat. Diese personenbezogenen Daten werden in der Form und mit den Beschr\u00e4nkungen&hellip;&nbsp;","og_url":"https:\/\/www.hplatjadaro.com\/de\/impressum\/","og_site_name":"Hotel Platja d&#039;Aro","article_modified_time":"2026-08-19T11:16:17+00:00","og_image":[{"width":1200,"height":675,"url":"https:\/\/www.hplatjadaro.com\/wp-content\/uploads\/2024\/04\/Aromar.jpg","type":"image\/jpeg"}],"twitter_card":"summary_large_image","twitter_misc":{"Gesch\u00e4tzte Lesezeit":"4\u00a0Minuten"},"schema":{"@context":"https:\/\/schema.org","@graph":[{"@type":"WebPage","@id":"https:\/\/www.hplatjadaro.com\/de\/impressum\/","url":"https:\/\/www.hplatjadaro.com\/de\/impressum\/","name":"Impressum | Hotel Platja d&#039;Aro","isPartOf":{"@id":"https:\/\/www.hplatjadaro.com\/de\/#website"},"datePublished":"2023-12-20T08:36:05+00:00","dateModified":"2026-08-19T11:16:17+00:00","breadcrumb":{"@id":"https:\/\/www.hplatjadaro.com\/de\/impressum\/#breadcrumb"},"inLanguage":"de","potentialAction":[{"@type":"ReadAction","target":["https:\/\/www.hplatjadaro.com\/de\/impressum\/"]}]},{"@type":"BreadcrumbList","@id":"https:\/\/www.hplatjadaro.com\/de\/impressum\/#breadcrumb","itemListElement":[{"@type":"ListItem","position":1,"name":"Portada","item":"https:\/\/www.hplatjadaro.com\/de\/"},{"@type":"ListItem","position":2,"name":"Impressum"}]},{"@type":"WebSite","@id":"https:\/\/www.hplatjadaro.com\/de\/#website","url":"https:\/\/www.hplatjadaro.com\/de\/","name":"Aromar Hotels & Restaurants","description":"Hotel familiar a Platja d&#039;Aro, Costa Brava","publisher":{"@id":"https:\/\/www.hplatjadaro.com\/de\/#organization"},"alternateName":"Aromar Hotels & Restaurants","potentialAction":[{"@type":"SearchAction","target":{"@type":"EntryPoint","urlTemplate":"https:\/\/www.hplatjadaro.com\/de\/?s={search_term_string}"},"query-input":{"@type":"PropertyValueSpecification","valueRequired":true,"valueName":"search_term_string"}}],"inLanguage":"de"},{"@type":"Organization","@id":"https:\/\/www.hplatjadaro.com\/de\/#organization","name":"Hotel Platja d'Aro","alternateName":"Aromar Hotels","url":"https:\/\/www.hplatjadaro.com\/de\/","logo":{"@type":"ImageObject","inLanguage":"de","@id":"https:\/\/www.hplatjadaro.com\/de\/#\/schema\/logo\/image\/","url":"https:\/\/www.hplatjadaro.com\/wp-content\/uploads\/2024\/04\/Aromar-2.jpg","contentUrl":"https:\/\/www.hplatjadaro.com\/wp-content\/uploads\/2024\/04\/Aromar-2.jpg","width":696,"height":696,"caption":"Hotel Platja d'Aro"},"image":{"@id":"https:\/\/www.hplatjadaro.com\/de\/#\/schema\/logo\/image\/"}}]}},"_links":{"self":[{"href":"https:\/\/www.hplatjadaro.com\/de\/wp-json\/wp\/v2\/pages\/7518","targetHints":{"allow":["GET"]}}],"collection":[{"href":"https:\/\/www.hplatjadaro.com\/de\/wp-json\/wp\/v2\/pages"}],"about":[{"href":"https:\/\/www.hplatjadaro.com\/de\/wp-json\/wp\/v2\/types\/page"}],"author":[{"embeddable":true,"href":"https:\/\/www.hplatjadaro.com\/de\/wp-json\/wp\/v2\/users\/1"}],"replies":[{"embeddable":true,"href":"https:\/\/www.hplatjadaro.com\/de\/wp-json\/wp\/v2\/comments?post=7518"}],"version-history":[{"count":7,"href":"https:\/\/www.hplatjadaro.com\/de\/wp-json\/wp\/v2\/pages\/7518\/revisions"}],"predecessor-version":[{"id":9550,"href":"https:\/\/www.hplatjadaro.com\/de\/wp-json\/wp\/v2\/pages\/7518\/revisions\/9550"}],"wp:attachment":[{"href":"https:\/\/www.hplatjadaro.com\/de\/wp-json\/wp\/v2\/media?parent=7518"}],"curies":[{"name":"wp","href":"https:\/\/api.w.org\/{rel}","templated":true}]}}