{"id":8193,"date":"2026-07-01T13:39:35","date_gmt":"2026-07-01T11:39:35","guid":{"rendered":"https:\/\/www.hplatjadaro.com\/restaurants\/"},"modified":"2026-09-03T13:51:45","modified_gmt":"2026-09-03T11:51:45","slug":"restaurants","status":"publish","type":"page","link":"https:\/\/www.hplatjadaro.com\/de\/restaurants\/","title":{"rendered":"Gastronomie im Hotel Platja d&#8217;Aro"},"content":{"rendered":"\t\t<div data-elementor-type=\"wp-page\" data-elementor-id=\"8193\" class=\"elementor elementor-8193 elementor-8189\" data-elementor-post-type=\"page\">\n\t\t\t\t<div class=\"elementor-element elementor-element-ea2a831 e-flex e-con-boxed e-con e-parent\" data-id=\"ea2a831\" data-element_type=\"container\" data-e-type=\"container\" data-settings=\"{&quot;background_background&quot;:&quot;classic&quot;}\">\n\t\t\t\t\t<div class=\"e-con-inner\">\n\t\t\t\t<div class=\"elementor-element elementor-element-ef0addd elementor-widget elementor-widget-heading\" data-id=\"ef0addd\" data-element_type=\"widget\" data-e-type=\"widget\" data-widget_type=\"heading.default\">\n\t\t\t\t<div class=\"elementor-widget-container\">\n\t\t\t\t\t<h1 class=\"elementor-heading-title elementor-size-default\">Gastronomie im Hotel Platja d'Aro<\/h1>\t\t\t\t<\/div>\n\t\t\t\t<\/div>\n\t\t\t\t\t<\/div>\n\t\t\t\t<\/div>\n\t\t<div class=\"elementor-element elementor-element-2c0dfcd e-flex e-con-boxed e-con e-parent\" data-id=\"2c0dfcd\" data-element_type=\"container\" data-e-type=\"container\" data-settings=\"{&quot;background_background&quot;:&quot;classic&quot;}\">\n\t\t\t\t\t<div class=\"e-con-inner\">\n\t\t\t\t<div class=\"elementor-element elementor-element-7618407 elementor-widget elementor-widget-text-editor\" data-id=\"7618407\" data-element_type=\"widget\" data-e-type=\"widget\" data-widget_type=\"text-editor.default\">\n\t\t\t\t<div class=\"elementor-widget-container\">\n\t\t\t\t\t\t\t\t\t<p class=\"PDq2pG_selectionAnchorContainer\" data-start=\"0\" data-end=\"275\">Das Hotel Platja d&#8217;Aro bietet seinen \u00dcbernachtungsg\u00e4sten ein <strong data-start=\"61\" data-end=\"81\">Fr\u00fchst\u00fccksbuffet<\/strong>, das im Speisesaal des Hotels serviert wird. Damit Ihr Aufenthalt so angenehm wie m\u00f6glich ist, haben wir die Fr\u00fchst\u00fcckszeiten erweitert. Das Fr\u00fchst\u00fcck wird von <strong data-start=\"242\" data-end=\"264\">8:00 bis 10:30 Uhr<\/strong> angeboten.<\/p><p data-start=\"277\" data-end=\"765\">Als Gast des Hotel Platja d&#8217;Aro erhalten Sie au\u00dferdem <strong data-start=\"331\" data-end=\"350\">17 % Erm\u00e4\u00dfigung<\/strong> in den Restaurants unserer Hotelgruppe: im <strong data-start=\"394\" data-end=\"414\">Restaurant Arad\u00ed<\/strong> im Hotel Costa Brava, das traditionelle saisonale mediterrane K\u00fcche anbietet, sowie im <strong data-start=\"502\" data-end=\"519\">Bufet Mestral<\/strong> im Hotel Aromar, dessen gastronomisches Angebot auf lokalen Produkten basiert. Eine ideale M\u00f6glichkeit, Ihr kulinarisches Erlebnis in Platja d&#8217;Aro zu bereichern und gleichzeitig die Restaurants der Gruppe Aromar Hotels &amp; Restaurants zu genie\u00dfen.<\/p><p data-start=\"767\" data-end=\"977\" data-is-last-node=\"\" data-is-only-node=\"\"><strong data-start=\"767\" data-end=\"845\">Holen Sie Ihren Rabattgutschein an der Rezeption des Hotel Platja d&#8217;Aro ab<\/strong> und <strong data-start=\"850\" data-end=\"977\" data-is-last-node=\"\">zeigen Sie ihn zusammen mit einem Nachweis Ihres Aufenthalts an der Rezeption oder im Restaurant des Hotels Ihrer Wahl vor.<\/strong><\/p>\t\t\t\t\t\t\t\t<\/div>\n\t\t\t\t<\/div>\n\t\t\t\t\t<\/div>\n\t\t\t\t<\/div>\n\t\t<div class=\"elementor-element elementor-element-e33d523 e-con-full e-flex e-con e-parent\" data-id=\"e33d523\" data-element_type=\"container\" data-e-type=\"container\">\n\t\t<div class=\"elementor-element elementor-element-74337c5 e-con-full e-flex e-con e-child\" data-id=\"74337c5\" data-element_type=\"container\" data-e-type=\"container\" data-settings=\"{&quot;background_background&quot;:&quot;slideshow&quot;,&quot;background_slideshow_gallery&quot;:[{&quot;id&quot;:8823,&quot;url&quot;:&quot;https:\\\/\\\/www.hplatjadaro.com\\\/wp-content\\\/uploads\\\/2026\\\/07\\\/bufet-2.jpg&quot;},{&quot;id&quot;:10319,&quot;url&quot;:&quot;https:\\\/\\\/www.hplatjadaro.com\\\/wp-content\\\/uploads\\\/2026\\\/07\\\/FILES_ITEMS_144_DSC06241_W_1900_Q_100.jpg&quot;}],&quot;background_slideshow_slide_duration&quot;:4500,&quot;background_slideshow_ken_burns&quot;:&quot;yes&quot;,&quot;background_slideshow_loop&quot;:&quot;yes&quot;,&quot;background_slideshow_slide_transition&quot;:&quot;fade&quot;,&quot;background_slideshow_transition_duration&quot;:500,&quot;background_slideshow_ken_burns_zoom_direction&quot;:&quot;in&quot;}\">\n\t\t\t\t<\/div>\n\t\t<div class=\"elementor-element elementor-element-6fc8788 e-con-full e-flex e-con e-child\" data-id=\"6fc8788\" data-element_type=\"container\" data-e-type=\"container\">\n\t\t<div class=\"elementor-element elementor-element-0ff4657 e-con-full e-flex e-con e-child\" data-id=\"0ff4657\" data-element_type=\"container\" data-e-type=\"container\">\n\t\t\t\t<div class=\"elementor-element elementor-element-5f9c770 elementor-widget elementor-widget-heading\" data-id=\"5f9c770\" data-element_type=\"widget\" data-e-type=\"widget\" data-widget_type=\"heading.default\">\n\t\t\t\t<div class=\"elementor-widget-container\">\n\t\t\t\t\t<h1 class=\"elementor-heading-title elementor-size-default\">Buffet des Hotel Platja d'Aro<\/h1>\t\t\t\t<\/div>\n\t\t\t\t<\/div>\n\t\t\t\t<div class=\"elementor-element elementor-element-9499954 elementor-widget elementor-widget-text-editor\" data-id=\"9499954\" data-element_type=\"widget\" data-e-type=\"widget\" data-widget_type=\"text-editor.default\">\n\t\t\t\t<div class=\"elementor-widget-container\">\n\t\t\t\t\t\t\t\t\t<p>Das Hotel Platja d&#8217;Aro bietet seinen \u00dcbernachtungsg\u00e4sten ein abwechslungsreiches Fr\u00fchst\u00fccksbuffet, das jeden Morgen im Speisesaal des Hotels serviert wird. Es ist der ideale Start in den Tag, bevor Sie den Strand, das Zentrum von Platja d&#8217;Aro oder Ihre geplanten Aktivit\u00e4ten genie\u00dfen.<\/p><p>Damit Ihr Aufenthalt so angenehm wie m\u00f6glich ist, haben wir die Fr\u00fchst\u00fcckszeiten erweitert. Das Fr\u00fchst\u00fcck wird von 8:00 bis 10:30 Uhr angeboten und bietet unseren G\u00e4sten somit mehr Flexibilit\u00e4t, ihren Tag ganz nach ihrem eigenen Rhythmus zu gestalten.<\/p>\t\t\t\t\t\t\t\t<\/div>\n\t\t\t\t<\/div>\n\t\t\t\t<\/div>\n\t\t\t\t<\/div>\n\t\t\t\t<\/div>\n\t\t<div class=\"elementor-element elementor-element-81355ba e-con-full e-flex e-con e-parent\" data-id=\"81355ba\" data-element_type=\"container\" data-e-type=\"container\">\n\t\t<div class=\"elementor-element elementor-element-8eb9b00 e-con-full e-flex e-con e-child\" data-id=\"8eb9b00\" data-element_type=\"container\" data-e-type=\"container\" data-settings=\"{&quot;background_background&quot;:&quot;slideshow&quot;,&quot;background_slideshow_gallery&quot;:[{&quot;id&quot;:7247,&quot;url&quot;:&quot;https:\\\/\\\/www.hplatjadaro.com\\\/wp-content\\\/uploads\\\/2024\\\/04\\\/CF9B8092.webp&quot;},{&quot;id&quot;:7252,&quot;url&quot;:&quot;https:\\\/\\\/www.hplatjadaro.com\\\/wp-content\\\/uploads\\\/2024\\\/04\\\/CF9B8061.webp&quot;},{&quot;id&quot;:7248,&quot;url&quot;:&quot;https:\\\/\\\/www.hplatjadaro.com\\\/wp-content\\\/uploads\\\/2024\\\/04\\\/CF9B7982.webp&quot;},{&quot;id&quot;:7251,&quot;url&quot;:&quot;https:\\\/\\\/www.hplatjadaro.com\\\/wp-content\\\/uploads\\\/2024\\\/04\\\/CF9B7937.webp&quot;},{&quot;id&quot;:7246,&quot;url&quot;:&quot;https:\\\/\\\/www.hplatjadaro.com\\\/wp-content\\\/uploads\\\/2024\\\/04\\\/CF9B7933-1.webp&quot;},{&quot;id&quot;:7249,&quot;url&quot;:&quot;https:\\\/\\\/www.hplatjadaro.com\\\/wp-content\\\/uploads\\\/2024\\\/04\\\/CF9B8033.webp&quot;}],&quot;background_slideshow_slide_duration&quot;:4500,&quot;background_slideshow_ken_burns&quot;:&quot;yes&quot;,&quot;background_slideshow_transition_duration&quot;:650,&quot;background_slideshow_loop&quot;:&quot;yes&quot;,&quot;background_slideshow_slide_transition&quot;:&quot;fade&quot;,&quot;background_slideshow_ken_burns_zoom_direction&quot;:&quot;in&quot;}\">\n\t\t\t\t<\/div>\n\t\t<div class=\"elementor-element elementor-element-16df864 e-con-full e-flex e-con e-child\" data-id=\"16df864\" data-element_type=\"container\" data-e-type=\"container\">\n\t\t<div class=\"elementor-element elementor-element-916da18 e-con-full e-flex e-con e-child\" data-id=\"916da18\" data-element_type=\"container\" data-e-type=\"container\">\n\t\t\t\t<div class=\"elementor-element elementor-element-948d1e1 elementor-widget elementor-widget-heading\" data-id=\"948d1e1\" data-element_type=\"widget\" data-e-type=\"widget\" data-widget_type=\"heading.default\">\n\t\t\t\t<div class=\"elementor-widget-container\">\n\t\t\t\t\t<h1 class=\"elementor-heading-title elementor-size-default\">Restaurant Arad\u00ed \u2014 Hotel Costa Brava<\/h1>\t\t\t\t<\/div>\n\t\t\t\t<\/div>\n\t\t\t\t<div class=\"elementor-element elementor-element-368a8e2 elementor-widget elementor-widget-text-editor\" data-id=\"368a8e2\" data-element_type=\"widget\" data-e-type=\"widget\" data-widget_type=\"text-editor.default\">\n\t\t\t\t<div class=\"elementor-widget-container\">\n\t\t\t\t\t\t\t\t\t<p>Die K\u00fcche des Empord\u00e0, gepr\u00e4gt von der Verbindung von Meer und Bergen, bestimmt die Gastronomie des Restaurant Arad\u00ed, das sich seit M\u00e4rz 2021 im Hotel Costa Brava befindet. Fisch und Meeresfr\u00fcchte von unserer K\u00fcste, Obst und Gem\u00fcse aus unseren G\u00e4rten sowie Fleisch und K\u00e4se aus der Region bilden die Grundlage f\u00fcr Men\u00fcs mit Produkten von h\u00f6chster Qualit\u00e4t.<\/p><p>Die traditionelle, saisonale mediterrane K\u00fcche pr\u00e4gt das gastronomische Konzept des Arad\u00ed. Dabei wird besonderer Wert auf die sorgf\u00e4ltige Auswahl jedes einzelnen Produkts sowie auf eine kontinuierliche Weiterentwicklung gelegt. Verantwortlich f\u00fcr dieses kulinarische Angebot ist K\u00fcchenchef Leo Farias.<\/p><p>Ein Mittag- oder Abendessen im Restaurant Arad\u00ed ist ein unvergessliches Erlebnis \u2013 nicht nur wegen seiner K\u00fcche, sondern auch aufgrund seiner privilegierten Lage direkt am Meer. Die Gerichte k\u00f6nnen im Restaurant, auf der \u00fcberdachten Terrasse oder im Freien mit Blick auf die Cala Rovira genossen werden. Von dort besteht direkter Zugang zu dieser Bucht sowie zur Platja Gran de Platja d&#8217;Aro.<\/p><p>Das Restaurant Arad\u00ed wurde 1963 von der Familie Comas gegr\u00fcndet und befand sich bis M\u00e4rz 2021 an der Avinguda Cavall Bernat in Platja d&#8217;Aro. Anschlie\u00dfend wurde es Teil des Hotel Costa Brava.<\/p>\t\t\t\t\t\t\t\t<\/div>\n\t\t\t\t<\/div>\n\t\t<div class=\"elementor-element elementor-element-9576ab2 e-con-full e-flex e-con e-child\" data-id=\"9576ab2\" data-element_type=\"container\" data-e-type=\"container\">\n\t\t\t\t<div class=\"elementor-element elementor-element-7561025 elementor-widget elementor-widget-button\" data-id=\"7561025\" data-element_type=\"widget\" data-e-type=\"widget\" data-widget_type=\"button.default\">\n\t\t\t\t<div class=\"elementor-widget-container\">\n\t\t\t\t\t\t\t\t\t<div class=\"elementor-button-wrapper\">\n\t\t\t\t\t<a class=\"elementor-button elementor-button-link elementor-size-sm\" href=\"https:\/\/hotelcostabrava.com\/de\/restaurant-aradi\/\" target=\"_blank\">\n\t\t\t\t\t\t<span class=\"elementor-button-content-wrapper\">\n\t\t\t\t\t\t\t\t\t<span class=\"elementor-button-text\">Restaurant ansehen<\/span>\n\t\t\t\t\t<\/span>\n\t\t\t\t\t<\/a>\n\t\t\t\t<\/div>\n\t\t\t\t\t\t\t\t<\/div>\n\t\t\t\t<\/div>\n\t\t\t\t<\/div>\n\t\t\t\t<\/div>\n\t\t\t\t<\/div>\n\t\t\t\t<\/div>\n\t\t<div class=\"elementor-element elementor-element-0643ea9 e-con-full e-flex e-con e-parent\" data-id=\"0643ea9\" data-element_type=\"container\" data-e-type=\"container\">\n\t\t<div class=\"elementor-element elementor-element-12af173 e-con-full e-flex e-con e-child\" data-id=\"12af173\" data-element_type=\"container\" data-e-type=\"container\" data-settings=\"{&quot;background_background&quot;:&quot;slideshow&quot;,&quot;background_slideshow_gallery&quot;:[{&quot;id&quot;:7218,&quot;url&quot;:&quot;https:\\\/\\\/www.hplatjadaro.com\\\/wp-content\\\/uploads\\\/2024\\\/07\\\/5b6a3b7cd545358e91bde375f2287c0e-1.jpg&quot;},{&quot;id&quot;:7210,&quot;url&quot;:&quot;https:\\\/\\\/www.hplatjadaro.com\\\/wp-content\\\/uploads\\\/2023\\\/08\\\/BUFFET_CALENT_4_1600.jpg&quot;},{&quot;id&quot;:7219,&quot;url&quot;:&quot;https:\\\/\\\/www.hplatjadaro.com\\\/wp-content\\\/uploads\\\/2024\\\/07\\\/rest2-1.webp&quot;}],&quot;background_slideshow_slide_duration&quot;:4500,&quot;background_slideshow_ken_burns&quot;:&quot;yes&quot;,&quot;background_slideshow_loop&quot;:&quot;yes&quot;,&quot;background_slideshow_slide_transition&quot;:&quot;fade&quot;,&quot;background_slideshow_transition_duration&quot;:500,&quot;background_slideshow_ken_burns_zoom_direction&quot;:&quot;in&quot;}\">\n\t\t\t\t<\/div>\n\t\t<div class=\"elementor-element elementor-element-df6cab3 e-con-full e-flex e-con e-child\" data-id=\"df6cab3\" data-element_type=\"container\" data-e-type=\"container\">\n\t\t<div class=\"elementor-element elementor-element-6d364e3 e-con-full e-flex e-con e-child\" data-id=\"6d364e3\" data-element_type=\"container\" data-e-type=\"container\">\n\t\t\t\t<div class=\"elementor-element elementor-element-2aa602a elementor-widget elementor-widget-heading\" data-id=\"2aa602a\" data-element_type=\"widget\" data-e-type=\"widget\" data-widget_type=\"heading.default\">\n\t\t\t\t<div class=\"elementor-widget-container\">\n\t\t\t\t\t<h1 class=\"elementor-heading-title elementor-size-default\">Bufet Mestral \u2014 Hotel Aromar<\/h1>\t\t\t\t<\/div>\n\t\t\t\t<\/div>\n\t\t\t\t<div class=\"elementor-element elementor-element-dfdb374 elementor-widget elementor-widget-text-editor\" data-id=\"dfdb374\" data-element_type=\"widget\" data-e-type=\"widget\" data-widget_type=\"text-editor.default\">\n\t\t\t\t<div class=\"elementor-widget-container\">\n\t\t\t\t\t\t\t\t\t<p>Bei Aromar Hotels &amp; Restaurants legen wir besonderen Wert auf die Gastronomie und gestalten Buffets, die auf die unterschiedlichen Vorlieben unserer G\u00e4ste abgestimmt sind. Dabei setzen wir auf regionale Produkte von h\u00f6chster Qualit\u00e4t und eine sorgf\u00e4ltige Pr\u00e4sentation.<\/p><p>Das Hotel Aromar verf\u00fcgt \u00fcber ein attraktives Buffet mit gesunder, abwechslungsreicher mediterraner K\u00fcche, bei der jedes Detail ber\u00fccksichtigt und besonderer Wert auf Km-0-Produkte aus der Region gelegt wird. Zudem stehen verschiedene Optionen f\u00fcr G\u00e4ste mit Unvertr\u00e4glichkeiten, Allergien oder besonderen Ern\u00e4hrungsbed\u00fcrfnissen zur Verf\u00fcgung.<\/p><p>Die au\u00dfergew\u00f6hnliche Lage direkt gegen\u00fcber der Platja Gran, die gro\u00dfz\u00fcgige Terrasse und der herrliche Meerblick machen den Besuch zu einem einzigartigen gastronomischen Erlebnis. Zum Fr\u00fchst\u00fcck gibt es eine abwechslungsreiche Auswahl an Milchprodukten, Cerealien, frischem Obst, Aufschnitt, Eiern und warmen Speisen aus der Live-Cooking-Station sowie verschiedene Brotsorten, Geb\u00e4ck, eine gro\u00dfe Auswahl an S\u00e4ften, frisch gepressten Orangensaft, Kaffee und Tee.<\/p><p><strong>\u00d6ffnungszeiten:<\/strong> T\u00e4glich ge\u00f6ffnet. Fr\u00fchst\u00fcck von 8:00 bis 11:00 Uhr, Mittagessen von 13:00 bis 15:30 Uhr und Abendessen von 19:30 bis 22:00 Uhr.<\/p><p>Das Bufet Mestral ist sowohl f\u00fcr Hotelg\u00e4ste als auch f\u00fcr externe G\u00e4ste ge\u00f6ffnet.<\/p>\t\t\t\t\t\t\t\t<\/div>\n\t\t\t\t<\/div>\n\t\t<div class=\"elementor-element elementor-element-243f563 e-con-full e-flex e-con e-child\" data-id=\"243f563\" data-element_type=\"container\" data-e-type=\"container\">\n\t\t\t\t<div class=\"elementor-element elementor-element-e6379d6 elementor-widget elementor-widget-button\" data-id=\"e6379d6\" data-element_type=\"widget\" data-e-type=\"widget\" data-widget_type=\"button.default\">\n\t\t\t\t<div class=\"elementor-widget-container\">\n\t\t\t\t\t\t\t\t\t<div class=\"elementor-button-wrapper\">\n\t\t\t\t\t<a class=\"elementor-button elementor-button-link elementor-size-sm\" href=\"https:\/\/hotelaromar.com\/de\/gastronomie\/\" target=\"_blank\">\n\t\t\t\t\t\t<span class=\"elementor-button-content-wrapper\">\n\t\t\t\t\t\t\t\t\t<span class=\"elementor-button-text\">Restaurant ansehen<\/span>\n\t\t\t\t\t<\/span>\n\t\t\t\t\t<\/a>\n\t\t\t\t<\/div>\n\t\t\t\t\t\t\t\t<\/div>\n\t\t\t\t<\/div>\n\t\t\t\t<\/div>\n\t\t\t\t<\/div>\n\t\t\t\t<\/div>\n\t\t\t\t<\/div>\n\t\t<div class=\"elementor-element elementor-element-991e658 e-con-full e-flex e-con e-parent\" data-id=\"991e658\" data-element_type=\"container\" data-e-type=\"container\">\n\t\t\t\t<div class=\"elementor-element elementor-element-78a8ebf elementor-widget elementor-widget-template\" data-id=\"78a8ebf\" data-element_type=\"widget\" data-e-type=\"widget\" data-widget_type=\"template.default\">\n\t\t\t\t<div class=\"elementor-widget-container\">\n\t\t\t\t\t\t\t<div class=\"elementor-template\">\n\t\t\t\t\t<div data-elementor-type=\"container\" data-elementor-id=\"8696\" class=\"elementor elementor-8696 elementor-8470 elementor-8470\" data-elementor-post-type=\"elementor_library\">\n\t\t\t\t<div class=\"elementor-element elementor-element-ebc97e7 e-flex e-con-boxed e-con e-parent\" data-id=\"ebc97e7\" data-element_type=\"container\" data-e-type=\"container\" data-settings=\"{&quot;background_background&quot;:&quot;classic&quot;}\">\n\t\t\t\t\t<div class=\"e-con-inner\">\n\t\t\t\t<div class=\"elementor-element elementor-element-6cd8ca21 elementor-widget elementor-widget-heading\" data-id=\"6cd8ca21\" data-element_type=\"widget\" data-e-type=\"widget\" data-widget_type=\"heading.default\">\n\t\t\t\t<div class=\"elementor-widget-container\">\n\t\t\t\t\t<div class=\"elementor-heading-title elementor-size-default\">Vorteile der Onlinebuchung<\/div>\t\t\t\t<\/div>\n\t\t\t\t<\/div>\n\t\t<div class=\"elementor-element elementor-element-fd9042e e-con-full e-flex e-con e-child\" data-id=\"fd9042e\" data-element_type=\"container\" data-e-type=\"container\">\n\t\t\t\t<div class=\"elementor-element elementor-element-636cc431 elementor-widget-mobile__width-initial elementor-view-default elementor-position-block-start elementor-mobile-position-block-start elementor-widget elementor-widget-icon-box\" data-id=\"636cc431\" data-element_type=\"widget\" data-e-type=\"widget\" data-widget_type=\"icon-box.default\">\n\t\t\t\t<div class=\"elementor-widget-container\">\n\t\t\t\t\t\t\t<div class=\"elementor-icon-box-wrapper\">\n\n\t\t\t\t\t\t<div class=\"elementor-icon-box-icon\">\n\t\t\t\t<span  class=\"elementor-icon\">\n\t\t\t\t<svg xmlns=\"http:\/\/www.w3.org\/2000\/svg\" height=\"24px\" viewBox=\"0 -960 960 960\" width=\"24px\" fill=\"#000000\"><path d=\"M444.5-164.5Q430-179 430-200t14.5-35.5Q459-250 480-250t35.5 14.5Q530-221 530-200t-14.5 35.5Q501-150 480-150t-35.5-14.5ZM254-346l-28-28q50-50 114.5-78T480-480q75 0 139.5 28T734-374l-28 28q-44-44-102-69t-124-25q-66 0-124 25t-102 69ZM84-516l-28-28q81-81 189-128.5T480-720q127 0 235 47.5T904-544l-28 28q-77-77-178.5-120.5T480-680q-116 0-217.5 43.5T84-516Z\"><\/path><\/svg>\t\t\t\t<\/span>\n\t\t\t<\/div>\n\t\t\t\n\t\t\t\t\t\t<div class=\"elementor-icon-box-content\">\n\n\t\t\t\t\t\t\t\t\t<h3 class=\"elementor-icon-box-title\">\n\t\t\t\t\t\t<span  >\n\t\t\t\t\t\t\tKostenloses WLAN\t\t\t\t\t\t<\/span>\n\t\t\t\t\t<\/h3>\n\t\t\t\t\n\t\t\t\t\n\t\t\t<\/div>\n\t\t\t\n\t\t<\/div>\n\t\t\t\t\t\t<\/div>\n\t\t\t\t<\/div>\n\t\t\t\t<div class=\"elementor-element elementor-element-327e8bff elementor-widget-mobile__width-initial elementor-view-default elementor-position-block-start elementor-mobile-position-block-start elementor-widget elementor-widget-icon-box\" data-id=\"327e8bff\" data-element_type=\"widget\" data-e-type=\"widget\" data-widget_type=\"icon-box.default\">\n\t\t\t\t<div class=\"elementor-widget-container\">\n\t\t\t\t\t\t\t<div class=\"elementor-icon-box-wrapper\">\n\n\t\t\t\t\t\t<div class=\"elementor-icon-box-icon\">\n\t\t\t\t<span  class=\"elementor-icon\">\n\t\t\t\t<svg xmlns=\"http:\/\/www.w3.org\/2000\/svg\" height=\"24px\" viewBox=\"0 -960 960 960\" width=\"24px\" fill=\"#000000\"><path d=\"M192-132q-26 0-43-17t-17-43v-576q0-26 17-43t43-17h576q26 0 43 17t17 43v576q0 26-17 43t-43 17H192Zm0-28h576q12 0 22-10t10-22v-576q0-12-10-22t-22-10H192q-12 0-22 10t-10 22v576q0 12 10 22t22 10Zm128.5-260.5Q312-429 312-440t8.5-19.5Q329-468 340-468t19.5 8.5Q368-451 368-440t-8.5 19.5Q351-412 340-412t-19.5-8.5Zm280 0Q592-429 592-440t8.5-19.5Q609-468 620-468t19.5 8.5Q648-451 648-440t-8.5 19.5Q631-412 620-412t-19.5-8.5ZM252-508v222q0 6 4 10t10 4q6 0 10-4t4-10v-66h400v66q0 6 4 10t10 4q6 0 10-4t4-10v-222l-58-166q-2-7-7.5-10.5T630-688H330q-7 0-12.5 3.5T310-674l-58 166Zm36-20 46-132h292l46 132H288ZM160-800v640-640Zm120 420v-120h400v120H280Z\"><\/path><\/svg>\t\t\t\t<\/span>\n\t\t\t<\/div>\n\t\t\t\n\t\t\t\t\t\t<div class=\"elementor-icon-box-content\">\n\n\t\t\t\t\t\t\t\t\t<h3 class=\"elementor-icon-box-title\">\n\t\t\t\t\t\t<span  >\n\t\t\t\t\t\t\tKostenlose Parkpl\u00e4tze\t\t\t\t\t\t<\/span>\n\t\t\t\t\t<\/h3>\n\t\t\t\t\n\t\t\t\t\n\t\t\t<\/div>\n\t\t\t\n\t\t<\/div>\n\t\t\t\t\t\t<\/div>\n\t\t\t\t<\/div>\n\t\t\t\t<div class=\"elementor-element elementor-element-846c732 elementor-widget-mobile__width-initial elementor-view-default elementor-position-block-start elementor-mobile-position-block-start elementor-widget elementor-widget-icon-box\" data-id=\"846c732\" data-element_type=\"widget\" data-e-type=\"widget\" data-widget_type=\"icon-box.default\">\n\t\t\t\t<div class=\"elementor-widget-container\">\n\t\t\t\t\t\t\t<div class=\"elementor-icon-box-wrapper\">\n\n\t\t\t\t\t\t<div class=\"elementor-icon-box-icon\">\n\t\t\t\t<span  class=\"elementor-icon\">\n\t\t\t\t<svg xmlns=\"http:\/\/www.w3.org\/2000\/svg\" height=\"24px\" viewBox=\"0 -960 960 960\" width=\"24px\" fill=\"#000000\"><path d=\"m354-287 126-76 126 77-33-144 111-96-146-13-58-136-58 135-146 13 111 97-33 143Zm-43 59 45-192-149-129 196-17 77-181 77 181 196 17-149 129 45 192-169-102-169 102Zm169-242Z\"><\/path><\/svg>\t\t\t\t<\/span>\n\t\t\t<\/div>\n\t\t\t\n\t\t\t\t\t\t<div class=\"elementor-icon-box-content\">\n\n\t\t\t\t\t\t\t\t\t<h3 class=\"elementor-icon-box-title\">\n\t\t\t\t\t\t<span  >\n\t\t\t\t\t\t\tFlexibler Check-in\/-out\t\t\t\t\t\t<\/span>\n\t\t\t\t\t<\/h3>\n\t\t\t\t\n\t\t\t\t\n\t\t\t<\/div>\n\t\t\t\n\t\t<\/div>\n\t\t\t\t\t\t<\/div>\n\t\t\t\t<\/div>\n\t\t\t\t<div class=\"elementor-element elementor-element-13300eda elementor-widget-mobile__width-initial elementor-view-default elementor-position-block-start elementor-mobile-position-block-start elementor-widget elementor-widget-icon-box\" data-id=\"13300eda\" data-element_type=\"widget\" data-e-type=\"widget\" data-widget_type=\"icon-box.default\">\n\t\t\t\t<div class=\"elementor-widget-container\">\n\t\t\t\t\t\t\t<div class=\"elementor-icon-box-wrapper\">\n\n\t\t\t\t\t\t<div class=\"elementor-icon-box-icon\">\n\t\t\t\t<span  class=\"elementor-icon\">\n\t\t\t\t<svg xmlns=\"http:\/\/www.w3.org\/2000\/svg\" height=\"24px\" viewBox=\"0 -960 960 960\" width=\"24px\" fill=\"#000000\"><path d=\"M828-688v416q0 26-17 43t-43 17H192q-26 0-43-17t-17-43v-416q0-26 17-43t43-17h576q26 0 43 17t17 43Zm-668 90h640v-90q0-12-10-22t-22-10H192q-12 0-22 10t-10 22v90Zm0 76v250q0 12 10 22t22 10h576q12 0 22-10t10-22v-250H160Zm0 282v-480 480Z\"><\/path><\/svg>\t\t\t\t<\/span>\n\t\t\t<\/div>\n\t\t\t\n\t\t\t\t\t\t<div class=\"elementor-icon-box-content\">\n\n\t\t\t\t\t\t\t\t\t<h3 class=\"elementor-icon-box-title\">\n\t\t\t\t\t\t<span  >\n\t\t\t\t\t\t\tZahlung im Hotel\t\t\t\t\t\t<\/span>\n\t\t\t\t\t<\/h3>\n\t\t\t\t\n\t\t\t\t\n\t\t\t<\/div>\n\t\t\t\n\t\t<\/div>\n\t\t\t\t\t\t<\/div>\n\t\t\t\t<\/div>\n\t\t\t\t<\/div>\n\t\t\t\t\t<\/div>\n\t\t\t\t<\/div>\n\t\t\t\t<\/div>\n\t\t\t\t<\/div>\n\t\t\t\t\t\t<\/div>\n\t\t\t\t<\/div>\n\t\t\t\t<\/div>\n\t\t\t\t<\/div>\n\t\t","protected":false},"excerpt":{"rendered":"<p>Gastronomie im Hotel Platja d&#8217;Aro Das Hotel Platja d&#8217;Aro bietet seinen \u00dcbernachtungsg\u00e4sten ein Fr\u00fchst\u00fccksbuffet, das im Speisesaal des Hotels serviert wird. Damit Ihr Aufenthalt so angenehm wie m\u00f6glich ist, haben wir die Fr\u00fchst\u00fcckszeiten erweitert. Das Fr\u00fchst\u00fcck wird von 8:00 bis 10:30 Uhr angeboten. Als Gast des Hotel Platja d&#8217;Aro erhalten Sie au\u00dferdem 17 % Erm\u00e4\u00dfigung&hellip;&nbsp;<\/p>\n","protected":false},"author":1,"featured_media":0,"parent":0,"menu_order":0,"comment_status":"closed","ping_status":"closed","template":"elementor_header_footer","meta":{"_acf_changed":false,"neve_meta_sidebar":"","neve_meta_container":"","neve_meta_enable_content_width":"off","neve_meta_content_width":100,"neve_meta_title_alignment":"","neve_meta_author_avatar":"","neve_post_elements_order":"","neve_meta_disable_header":"","neve_meta_disable_footer":"","neve_meta_disable_title":"","neve_meta_reading_time":"","footnotes":""},"class_list":["post-8193","page","type-page","status-publish","hentry"],"acf":[],"yoast_head":"<!-- This site is optimized with the Yoast SEO plugin v28.4 - https:\/\/yoast.com\/product\/yoast-seo-wordpress\/ -->\n<title>Gastronomie im Hotel Platja d&#039;Aro | Hotel Platja d&#039;Aro<\/title>\n<meta name=\"robots\" content=\"index, follow, max-snippet:-1, max-image-preview:large, max-video-preview:-1\" \/>\n<link rel=\"canonical\" href=\"https:\/\/www.hplatjadaro.com\/de\/restaurants\/\" \/>\n<meta property=\"og:locale\" content=\"de_DE\" \/>\n<meta property=\"og:type\" content=\"article\" \/>\n<meta property=\"og:title\" content=\"Gastronomie im Hotel Platja d&#039;Aro | Hotel Platja d&#039;Aro\" \/>\n<meta property=\"og:description\" content=\"Gastronomie im Hotel Platja d&#8217;Aro Das Hotel Platja d&#8217;Aro bietet seinen \u00dcbernachtungsg\u00e4sten ein Fr\u00fchst\u00fccksbuffet, das im Speisesaal des Hotels serviert wird. Damit Ihr Aufenthalt so angenehm wie m\u00f6glich ist, haben wir die Fr\u00fchst\u00fcckszeiten erweitert. Das Fr\u00fchst\u00fcck wird von 8:00 bis 10:30 Uhr angeboten. Als Gast des Hotel Platja d&#8217;Aro erhalten Sie au\u00dferdem 17 % Erm\u00e4\u00dfigung&hellip;&nbsp;\" \/>\n<meta property=\"og:url\" content=\"https:\/\/www.hplatjadaro.com\/de\/restaurants\/\" \/>\n<meta property=\"og:site_name\" content=\"Hotel Platja d&#039;Aro\" \/>\n<meta property=\"article:publisher\" content=\"https:\/\/www.facebook.com\/hotelplatjadaro\/\" \/>\n<meta property=\"article:modified_time\" content=\"2026-09-03T11:51:45+00:00\" \/>\n<meta property=\"og:image\" content=\"https:\/\/www.hplatjadaro.com\/wp-content\/uploads\/2026\/09\/logo-hplatjadaro.webp\" \/>\n\t<meta property=\"og:image:width\" content=\"1280\" \/>\n\t<meta property=\"og:image:height\" content=\"720\" \/>\n\t<meta property=\"og:image:type\" content=\"image\/webp\" \/>\n<meta name=\"twitter:card\" content=\"summary_large_image\" \/>\n<meta name=\"twitter:label1\" content=\"Gesch\u00e4tzte Lesezeit\" \/>\n\t<meta name=\"twitter:data1\" content=\"4\u00a0Minuten\" \/>\n<script type=\"application\/ld+json\" class=\"yoast-schema-graph\">{\"@context\":\"https:\\\/\\\/schema.org\",\"@graph\":[{\"@type\":\"WebPage\",\"@id\":\"https:\\\/\\\/www.hplatjadaro.com\\\/de\\\/restaurants\\\/\",\"url\":\"https:\\\/\\\/www.hplatjadaro.com\\\/de\\\/restaurants\\\/\",\"name\":\"Gastronomie im Hotel Platja d'Aro | Hotel Platja d&#039;Aro\",\"isPartOf\":{\"@id\":\"https:\\\/\\\/www.hplatjadaro.com\\\/de\\\/#website\"},\"datePublished\":\"2026-07-01T11:39:35+00:00\",\"dateModified\":\"2026-09-03T11:51:45+00:00\",\"breadcrumb\":{\"@id\":\"https:\\\/\\\/www.hplatjadaro.com\\\/de\\\/restaurants\\\/#breadcrumb\"},\"inLanguage\":\"de\",\"potentialAction\":[{\"@type\":\"ReadAction\",\"target\":[\"https:\\\/\\\/www.hplatjadaro.com\\\/de\\\/restaurants\\\/\"]}]},{\"@type\":\"BreadcrumbList\",\"@id\":\"https:\\\/\\\/www.hplatjadaro.com\\\/de\\\/restaurants\\\/#breadcrumb\",\"itemListElement\":[{\"@type\":\"ListItem\",\"position\":1,\"name\":\"Portada\",\"item\":\"https:\\\/\\\/www.hplatjadaro.com\\\/de\\\/\"},{\"@type\":\"ListItem\",\"position\":2,\"name\":\"Gastronomie im Hotel Platja d&#8217;Aro\"}]},{\"@type\":\"WebSite\",\"@id\":\"https:\\\/\\\/www.hplatjadaro.com\\\/de\\\/#website\",\"url\":\"https:\\\/\\\/www.hplatjadaro.com\\\/de\\\/\",\"name\":\"Hotel Platja d'Aro\",\"description\":\"Un hotel familiar al costat de la platja\",\"publisher\":{\"@id\":\"https:\\\/\\\/www.hplatjadaro.com\\\/de\\\/#organization\"},\"alternateName\":\"Hotel Platja d'Aro\",\"potentialAction\":[{\"@type\":\"SearchAction\",\"target\":{\"@type\":\"EntryPoint\",\"urlTemplate\":\"https:\\\/\\\/www.hplatjadaro.com\\\/de\\\/?s={search_term_string}\"},\"query-input\":{\"@type\":\"PropertyValueSpecification\",\"valueRequired\":true,\"valueName\":\"search_term_string\"}}],\"inLanguage\":\"de\"},{\"@type\":\"Organization\",\"@id\":\"https:\\\/\\\/www.hplatjadaro.com\\\/de\\\/#organization\",\"name\":\"Hotel Platja d'Aro\",\"alternateName\":\"Hotel Platja d'Aro\",\"url\":\"https:\\\/\\\/www.hplatjadaro.com\\\/de\\\/\",\"logo\":{\"@type\":\"ImageObject\",\"inLanguage\":\"de\",\"@id\":\"https:\\\/\\\/www.hplatjadaro.com\\\/de\\\/#\\\/schema\\\/logo\\\/image\\\/\",\"url\":\"https:\\\/\\\/www.hplatjadaro.com\\\/wp-content\\\/uploads\\\/2026\\\/07\\\/favicon.png\",\"contentUrl\":\"https:\\\/\\\/www.hplatjadaro.com\\\/wp-content\\\/uploads\\\/2026\\\/07\\\/favicon.png\",\"width\":512,\"height\":512,\"caption\":\"Hotel Platja d'Aro\"},\"image\":{\"@id\":\"https:\\\/\\\/www.hplatjadaro.com\\\/de\\\/#\\\/schema\\\/logo\\\/image\\\/\"},\"sameAs\":[\"https:\\\/\\\/www.facebook.com\\\/hotelplatjadaro\\\/\",\"https:\\\/\\\/www.linkedin.com\\\/company\\\/grup-aromar\\\/about\\\/\",\"https:\\\/\\\/www.instagram.com\\\/hotelplatjadaro\\\/\",\"https:\\\/\\\/www.tiktok.com\\\/@aromarhotels\"]}]}<\/script>\n<!-- \/ Yoast SEO plugin. -->","yoast_head_json":{"title":"Gastronomie im Hotel Platja d'Aro | Hotel Platja d&#039;Aro","robots":{"index":"index","follow":"follow","max-snippet":"max-snippet:-1","max-image-preview":"max-image-preview:large","max-video-preview":"max-video-preview:-1"},"canonical":"https:\/\/www.hplatjadaro.com\/de\/restaurants\/","og_locale":"de_DE","og_type":"article","og_title":"Gastronomie im Hotel Platja d'Aro | Hotel Platja d&#039;Aro","og_description":"Gastronomie im Hotel Platja d&#8217;Aro Das Hotel Platja d&#8217;Aro bietet seinen \u00dcbernachtungsg\u00e4sten ein Fr\u00fchst\u00fccksbuffet, das im Speisesaal des Hotels serviert wird. Damit Ihr Aufenthalt so angenehm wie m\u00f6glich ist, haben wir die Fr\u00fchst\u00fcckszeiten erweitert. Das Fr\u00fchst\u00fcck wird von 8:00 bis 10:30 Uhr angeboten. Als Gast des Hotel Platja d&#8217;Aro erhalten Sie au\u00dferdem 17 % Erm\u00e4\u00dfigung&hellip;&nbsp;","og_url":"https:\/\/www.hplatjadaro.com\/de\/restaurants\/","og_site_name":"Hotel Platja d&#039;Aro","article_publisher":"https:\/\/www.facebook.com\/hotelplatjadaro\/","article_modified_time":"2026-09-03T11:51:45+00:00","og_image":[{"width":1280,"height":720,"url":"https:\/\/www.hplatjadaro.com\/wp-content\/uploads\/2026\/09\/logo-hplatjadaro.webp","type":"image\/webp"}],"twitter_card":"summary_large_image","twitter_misc":{"Gesch\u00e4tzte Lesezeit":"4\u00a0Minuten"},"schema":{"@context":"https:\/\/schema.org","@graph":[{"@type":"WebPage","@id":"https:\/\/www.hplatjadaro.com\/de\/restaurants\/","url":"https:\/\/www.hplatjadaro.com\/de\/restaurants\/","name":"Gastronomie im Hotel Platja d'Aro | Hotel Platja d&#039;Aro","isPartOf":{"@id":"https:\/\/www.hplatjadaro.com\/de\/#website"},"datePublished":"2026-07-01T11:39:35+00:00","dateModified":"2026-09-03T11:51:45+00:00","breadcrumb":{"@id":"https:\/\/www.hplatjadaro.com\/de\/restaurants\/#breadcrumb"},"inLanguage":"de","potentialAction":[{"@type":"ReadAction","target":["https:\/\/www.hplatjadaro.com\/de\/restaurants\/"]}]},{"@type":"BreadcrumbList","@id":"https:\/\/www.hplatjadaro.com\/de\/restaurants\/#breadcrumb","itemListElement":[{"@type":"ListItem","position":1,"name":"Portada","item":"https:\/\/www.hplatjadaro.com\/de\/"},{"@type":"ListItem","position":2,"name":"Gastronomie im Hotel Platja d&#8217;Aro"}]},{"@type":"WebSite","@id":"https:\/\/www.hplatjadaro.com\/de\/#website","url":"https:\/\/www.hplatjadaro.com\/de\/","name":"Hotel Platja d'Aro","description":"Un hotel familiar al costat de la platja","publisher":{"@id":"https:\/\/www.hplatjadaro.com\/de\/#organization"},"alternateName":"Hotel Platja d'Aro","potentialAction":[{"@type":"SearchAction","target":{"@type":"EntryPoint","urlTemplate":"https:\/\/www.hplatjadaro.com\/de\/?s={search_term_string}"},"query-input":{"@type":"PropertyValueSpecification","valueRequired":true,"valueName":"search_term_string"}}],"inLanguage":"de"},{"@type":"Organization","@id":"https:\/\/www.hplatjadaro.com\/de\/#organization","name":"Hotel Platja d'Aro","alternateName":"Hotel Platja d'Aro","url":"https:\/\/www.hplatjadaro.com\/de\/","logo":{"@type":"ImageObject","inLanguage":"de","@id":"https:\/\/www.hplatjadaro.com\/de\/#\/schema\/logo\/image\/","url":"https:\/\/www.hplatjadaro.com\/wp-content\/uploads\/2026\/07\/favicon.png","contentUrl":"https:\/\/www.hplatjadaro.com\/wp-content\/uploads\/2026\/07\/favicon.png","width":512,"height":512,"caption":"Hotel Platja d'Aro"},"image":{"@id":"https:\/\/www.hplatjadaro.com\/de\/#\/schema\/logo\/image\/"},"sameAs":["https:\/\/www.facebook.com\/hotelplatjadaro\/","https:\/\/www.linkedin.com\/company\/grup-aromar\/about\/","https:\/\/www.instagram.com\/hotelplatjadaro\/","https:\/\/www.tiktok.com\/@aromarhotels"]}]}},"_links":{"self":[{"href":"https:\/\/www.hplatjadaro.com\/de\/wp-json\/wp\/v2\/pages\/8193","targetHints":{"allow":["GET"]}}],"collection":[{"href":"https:\/\/www.hplatjadaro.com\/de\/wp-json\/wp\/v2\/pages"}],"about":[{"href":"https:\/\/www.hplatjadaro.com\/de\/wp-json\/wp\/v2\/types\/page"}],"author":[{"embeddable":true,"href":"https:\/\/www.hplatjadaro.com\/de\/wp-json\/wp\/v2\/users\/1"}],"replies":[{"embeddable":true,"href":"https:\/\/www.hplatjadaro.com\/de\/wp-json\/wp\/v2\/comments?post=8193"}],"version-history":[{"count":10,"href":"https:\/\/www.hplatjadaro.com\/de\/wp-json\/wp\/v2\/pages\/8193\/revisions"}],"predecessor-version":[{"id":10322,"href":"https:\/\/www.hplatjadaro.com\/de\/wp-json\/wp\/v2\/pages\/8193\/revisions\/10322"}],"wp:attachment":[{"href":"https:\/\/www.hplatjadaro.com\/de\/wp-json\/wp\/v2\/media?parent=8193"}],"curies":[{"name":"wp","href":"https:\/\/api.w.org\/{rel}","templated":true}]}}