{"id":8190,"date":"2026-07-01T13:39:35","date_gmt":"2026-07-01T11:39:35","guid":{"rendered":"https:\/\/www.hplatjadaro.com\/restauracion-3\/"},"modified":"2026-09-03T13:47:36","modified_gmt":"2026-09-03T11:47:36","slug":"restauracion","status":"publish","type":"page","link":"https:\/\/www.hplatjadaro.com\/es\/restauracion\/","title":{"rendered":"La Restauraci\u00f3n en el Hotel Platja d&#8217;Aro"},"content":{"rendered":"\t\t<div data-elementor-type=\"wp-page\" data-elementor-id=\"8190\" class=\"elementor elementor-8190 elementor-8189\" data-elementor-post-type=\"page\">\n\t\t\t\t<div class=\"elementor-element elementor-element-ea2a831 e-flex e-con-boxed e-con e-parent\" data-id=\"ea2a831\" data-element_type=\"container\" data-e-type=\"container\" data-settings=\"{&quot;background_background&quot;:&quot;classic&quot;}\">\n\t\t\t\t\t<div class=\"e-con-inner\">\n\t\t\t\t<div class=\"elementor-element elementor-element-ef0addd elementor-widget elementor-widget-heading\" data-id=\"ef0addd\" data-element_type=\"widget\" data-e-type=\"widget\" data-widget_type=\"heading.default\">\n\t\t\t\t<div class=\"elementor-widget-container\">\n\t\t\t\t\t<h1 class=\"elementor-heading-title elementor-size-default\">La Restauraci\u00f3n en el Hotel Platja d'Aro<\/h1>\t\t\t\t<\/div>\n\t\t\t\t<\/div>\n\t\t\t\t\t<\/div>\n\t\t\t\t<\/div>\n\t\t<div class=\"elementor-element elementor-element-2c0dfcd e-flex e-con-boxed e-con e-parent\" data-id=\"2c0dfcd\" data-element_type=\"container\" data-e-type=\"container\" data-settings=\"{&quot;background_background&quot;:&quot;classic&quot;}\">\n\t\t\t\t\t<div class=\"e-con-inner\">\n\t\t\t\t<div class=\"elementor-element elementor-element-7618407 elementor-widget elementor-widget-text-editor\" data-id=\"7618407\" data-element_type=\"widget\" data-e-type=\"widget\" data-widget_type=\"text-editor.default\">\n\t\t\t\t<div class=\"elementor-widget-container\">\n\t\t\t\t\t\t\t\t\t<p class=\"p1\">El Hotel Platja d&#8217;Aro ofrece a sus clientes alojados un desayuno buf\u00e9 que se sirve en el comedor del hotel. Para que su estancia sea lo m\u00e1s agradable posible, hemos ampliado el horario del servicio de desayuno, que ser\u00e1 de <b>8h a 10:30h <\/b>de la ma\u00f1ana.<\/p><p class=\"p1\">Adem\u00e1s, como cliente alojado en el Hotel Platja d&#8217;Aro, podr\u00e1s disfrutar de un <b>17% de descuento <\/b>en nuestros restaurantes del grupo: el <b>Restaurante Arad\u00ed<\/b>, en el Hotel Costa Brava, con una cocina tradicional mediterr\u00e1nea de temporada, y el <b>Bufet Mestral<\/b>, en el Hotel Aromar, con una oferta gastron\u00f3mica que apuesta por el producto local. Una forma perfecta de completar tu experiencia gastron\u00f3mica en Platja d&#8217;Aro sin salir del grupo Aromar Hotels &amp; Restaurants.<\/p><p class=\"p1\"><b>Recoge tu ticket de descuento en la recepci\u00f3n del Hotel Platja d&#8217;Aro <\/b>y <b>pres\u00e9ntalo, junto con la acreditaci\u00f3n de tu condici\u00f3n de cliente alojado, en la recepci\u00f3n o en el restaurante del hotel que elijas. <\/b><\/p>\t\t\t\t\t\t\t\t<\/div>\n\t\t\t\t<\/div>\n\t\t\t\t\t<\/div>\n\t\t\t\t<\/div>\n\t\t<div class=\"elementor-element elementor-element-7e402ef e-con-full e-flex e-con e-parent\" data-id=\"7e402ef\" data-element_type=\"container\" data-e-type=\"container\">\n\t\t<div class=\"elementor-element elementor-element-6000040 e-con-full e-flex e-con e-child\" data-id=\"6000040\" data-element_type=\"container\" data-e-type=\"container\" data-settings=\"{&quot;background_background&quot;:&quot;slideshow&quot;,&quot;background_slideshow_gallery&quot;:[{&quot;id&quot;:8814,&quot;url&quot;:&quot;https:\\\/\\\/www.hplatjadaro.com\\\/wp-content\\\/uploads\\\/2026\\\/07\\\/bufet-2.jpg&quot;},{&quot;id&quot;:10307,&quot;url&quot;:&quot;https:\\\/\\\/www.hplatjadaro.com\\\/wp-content\\\/uploads\\\/2026\\\/07\\\/FILES_ITEMS_144_DSC06241_W_1900_Q_100.jpg&quot;}],&quot;background_slideshow_slide_duration&quot;:4500,&quot;background_slideshow_ken_burns&quot;:&quot;yes&quot;,&quot;background_slideshow_loop&quot;:&quot;yes&quot;,&quot;background_slideshow_slide_transition&quot;:&quot;fade&quot;,&quot;background_slideshow_transition_duration&quot;:500,&quot;background_slideshow_ken_burns_zoom_direction&quot;:&quot;in&quot;}\">\n\t\t\t\t<\/div>\n\t\t<div class=\"elementor-element elementor-element-7bc2e34 e-con-full e-flex e-con e-child\" data-id=\"7bc2e34\" data-element_type=\"container\" data-e-type=\"container\">\n\t\t<div class=\"elementor-element elementor-element-70a0056 e-con-full e-flex e-con e-child\" data-id=\"70a0056\" data-element_type=\"container\" data-e-type=\"container\">\n\t\t\t\t<div class=\"elementor-element elementor-element-b7e5221 elementor-widget elementor-widget-heading\" data-id=\"b7e5221\" data-element_type=\"widget\" data-e-type=\"widget\" data-widget_type=\"heading.default\">\n\t\t\t\t<div class=\"elementor-widget-container\">\n\t\t\t\t\t<h1 class=\"elementor-heading-title elementor-size-default\">Bufet del Hotel Platja d'Aro<\/h1>\t\t\t\t<\/div>\n\t\t\t\t<\/div>\n\t\t\t\t<div class=\"elementor-element elementor-element-22bd304 elementor-widget elementor-widget-text-editor\" data-id=\"22bd304\" data-element_type=\"widget\" data-e-type=\"widget\" data-widget_type=\"text-editor.default\">\n\t\t\t\t<div class=\"elementor-widget-container\">\n\t\t\t\t\t\t\t\t\t<p class=\"p1\">El Hotel Platja d&#8217;Aro ofrece a sus clientes alojados un desayuno buf\u00e9 variado, servido cada ma\u00f1ana en el comedor del hotel, pensado para empezar el d\u00eda con energ\u00eda antes de disfrutar de la playa, el centro de Platja d&#8217;Aro o cualquier plan que tengas preparado.<\/p><p class=\"p1\">Para que la estancia sea lo m\u00e1s agradable posible, hemos ampliado el horario del servicio de desayuno, que estar\u00e1 disponible de 8:00h a 10:30h de la ma\u00f1ana, dando as\u00ed m\u00e1s flexibilidad a nuestros hu\u00e9spedes para organizar su d\u00eda a su ritmo.<\/p>\t\t\t\t\t\t\t\t<\/div>\n\t\t\t\t<\/div>\n\t\t\t\t<\/div>\n\t\t\t\t<\/div>\n\t\t\t\t<\/div>\n\t\t<div class=\"elementor-element elementor-element-8d0f049 e-con-full e-flex e-con e-parent\" data-id=\"8d0f049\" data-element_type=\"container\" data-e-type=\"container\">\n\t\t<div class=\"elementor-element elementor-element-b29ebe4 e-con-full e-flex e-con e-child\" data-id=\"b29ebe4\" data-element_type=\"container\" data-e-type=\"container\" data-settings=\"{&quot;background_background&quot;:&quot;slideshow&quot;,&quot;background_slideshow_gallery&quot;:[{&quot;id&quot;:6757,&quot;url&quot;:&quot;https:\\\/\\\/www.hplatjadaro.com\\\/wp-content\\\/uploads\\\/2024\\\/04\\\/CF9B8092.webp&quot;},{&quot;id&quot;:6763,&quot;url&quot;:&quot;https:\\\/\\\/www.hplatjadaro.com\\\/wp-content\\\/uploads\\\/2024\\\/04\\\/CF9B8061.webp&quot;},{&quot;id&quot;:6781,&quot;url&quot;:&quot;https:\\\/\\\/www.hplatjadaro.com\\\/wp-content\\\/uploads\\\/2024\\\/04\\\/CF9B7982.webp&quot;},{&quot;id&quot;:6778,&quot;url&quot;:&quot;https:\\\/\\\/www.hplatjadaro.com\\\/wp-content\\\/uploads\\\/2024\\\/04\\\/CF9B7937.webp&quot;},{&quot;id&quot;:6775,&quot;url&quot;:&quot;https:\\\/\\\/www.hplatjadaro.com\\\/wp-content\\\/uploads\\\/2024\\\/04\\\/CF9B7933-1.webp&quot;},{&quot;id&quot;:6772,&quot;url&quot;:&quot;https:\\\/\\\/www.hplatjadaro.com\\\/wp-content\\\/uploads\\\/2024\\\/04\\\/CF9B8033.webp&quot;}],&quot;background_slideshow_slide_duration&quot;:4500,&quot;background_slideshow_ken_burns&quot;:&quot;yes&quot;,&quot;background_slideshow_transition_duration&quot;:650,&quot;background_slideshow_loop&quot;:&quot;yes&quot;,&quot;background_slideshow_slide_transition&quot;:&quot;fade&quot;,&quot;background_slideshow_ken_burns_zoom_direction&quot;:&quot;in&quot;}\">\n\t\t\t\t<\/div>\n\t\t<div class=\"elementor-element elementor-element-2e034ed e-con-full e-flex e-con e-child\" data-id=\"2e034ed\" data-element_type=\"container\" data-e-type=\"container\">\n\t\t<div class=\"elementor-element elementor-element-5aa59b0 e-con-full e-flex e-con e-child\" data-id=\"5aa59b0\" data-element_type=\"container\" data-e-type=\"container\">\n\t\t\t\t<div class=\"elementor-element elementor-element-154adc4 elementor-widget elementor-widget-heading\" data-id=\"154adc4\" data-element_type=\"widget\" data-e-type=\"widget\" data-widget_type=\"heading.default\">\n\t\t\t\t<div class=\"elementor-widget-container\">\n\t\t\t\t\t<h1 class=\"elementor-heading-title elementor-size-default\">Restaurante Arad\u00ed \u2014 Hotel Costa Brava<\/h1>\t\t\t\t<\/div>\n\t\t\t\t<\/div>\n\t\t\t\t<div class=\"elementor-element elementor-element-2fc418c elementor-widget elementor-widget-text-editor\" data-id=\"2fc418c\" data-element_type=\"widget\" data-e-type=\"widget\" data-widget_type=\"text-editor.default\">\n\t\t\t\t<div class=\"elementor-widget-container\">\n\t\t\t\t\t\t\t\t\t<p class=\"p1\">La cocina ampurdanesa de mar y monta\u00f1a marca la gastronom\u00eda del Restaurante Aradi, situado desde marzo de 2021 dentro del Hotel Costa Brava. Pescado y marisco de nuestra costa, frutas y hortalizas de nuestros huertos, y carnes y quesos de proximidad dan forma a unos men\u00fas basados en productos de primera calidad.<\/p><p class=\"p1\">La cocina tradicional mediterr\u00e1nea de temporada define la propuesta del Aradi, con un especial cuidado en la elecci\u00f3n de cada producto y en constante evoluci\u00f3n. Al frente de esta propuesta se encuentra el chef Leo Farias.<\/p><p class=\"p1\">Comer o cenar en el Restaurante Aradi resulta una experiencia inolvidable, no solo por su gastronom\u00eda, sino tambi\u00e9n por su situaci\u00f3n privilegiada frente al mar. Los platos se pueden degustar dentro del restaurante, en la terraza cubierta o al aire libre, sobre Cala Rovira, con acceso directo a esta cala y a la Platja Gran de Platja d&#8217;Aro.<\/p><p class=\"p1\">Fundado en 1963 por la familia Comas, el Restaurante Aradi se ubic\u00f3 en la Avenida Cavall Bernat de Platja d&#8217;Aro hasta marzo de 2021, cuando pas\u00f3 a formar parte del Hotel Costa Brava.<\/p>\t\t\t\t\t\t\t\t<\/div>\n\t\t\t\t<\/div>\n\t\t<div class=\"elementor-element elementor-element-ba2daf5 e-con-full e-flex e-con e-child\" data-id=\"ba2daf5\" data-element_type=\"container\" data-e-type=\"container\">\n\t\t\t\t<div class=\"elementor-element elementor-element-2d048ae elementor-widget elementor-widget-button\" data-id=\"2d048ae\" data-element_type=\"widget\" data-e-type=\"widget\" data-widget_type=\"button.default\">\n\t\t\t\t<div class=\"elementor-widget-container\">\n\t\t\t\t\t\t\t\t\t<div class=\"elementor-button-wrapper\">\n\t\t\t\t\t<a class=\"elementor-button elementor-button-link elementor-size-sm\" href=\"https:\/\/hotelcostabrava.com\/es\/restaurante-aradi\/\" target=\"_blank\">\n\t\t\t\t\t\t<span class=\"elementor-button-content-wrapper\">\n\t\t\t\t\t\t\t\t\t<span class=\"elementor-button-text\">Ver restaurante<\/span>\n\t\t\t\t\t<\/span>\n\t\t\t\t\t<\/a>\n\t\t\t\t<\/div>\n\t\t\t\t\t\t\t\t<\/div>\n\t\t\t\t<\/div>\n\t\t\t\t<\/div>\n\t\t\t\t<\/div>\n\t\t\t\t<\/div>\n\t\t\t\t<\/div>\n\t\t<div class=\"elementor-element elementor-element-4d47467 e-con-full e-flex e-con e-parent\" data-id=\"4d47467\" data-element_type=\"container\" data-e-type=\"container\">\n\t\t<div class=\"elementor-element elementor-element-9fea5c3 e-con-full e-flex e-con e-child\" data-id=\"9fea5c3\" data-element_type=\"container\" data-e-type=\"container\" data-settings=\"{&quot;background_background&quot;:&quot;slideshow&quot;,&quot;background_slideshow_gallery&quot;:[{&quot;id&quot;:6838,&quot;url&quot;:&quot;https:\\\/\\\/www.hplatjadaro.com\\\/wp-content\\\/uploads\\\/2024\\\/07\\\/5b6a3b7cd545358e91bde375f2287c0e-1.jpg&quot;},{&quot;id&quot;:6592,&quot;url&quot;:&quot;https:\\\/\\\/www.hplatjadaro.com\\\/wp-content\\\/uploads\\\/2023\\\/08\\\/BUFFET_CALENT_4_1600.jpg&quot;},{&quot;id&quot;:6835,&quot;url&quot;:&quot;https:\\\/\\\/www.hplatjadaro.com\\\/wp-content\\\/uploads\\\/2024\\\/07\\\/rest2-1.webp&quot;}],&quot;background_slideshow_slide_duration&quot;:4500,&quot;background_slideshow_ken_burns&quot;:&quot;yes&quot;,&quot;background_slideshow_loop&quot;:&quot;yes&quot;,&quot;background_slideshow_slide_transition&quot;:&quot;fade&quot;,&quot;background_slideshow_transition_duration&quot;:500,&quot;background_slideshow_ken_burns_zoom_direction&quot;:&quot;in&quot;}\">\n\t\t\t\t<\/div>\n\t\t<div class=\"elementor-element elementor-element-13f3aba e-con-full e-flex e-con e-child\" data-id=\"13f3aba\" data-element_type=\"container\" data-e-type=\"container\">\n\t\t<div class=\"elementor-element elementor-element-543e663 e-con-full e-flex e-con e-child\" data-id=\"543e663\" data-element_type=\"container\" data-e-type=\"container\">\n\t\t\t\t<div class=\"elementor-element elementor-element-139deb8 elementor-widget elementor-widget-heading\" data-id=\"139deb8\" data-element_type=\"widget\" data-e-type=\"widget\" data-widget_type=\"heading.default\">\n\t\t\t\t<div class=\"elementor-widget-container\">\n\t\t\t\t\t<h1 class=\"elementor-heading-title elementor-size-default\">Bufet Mestral \u2014 Hotel Aromar<\/h1>\t\t\t\t<\/div>\n\t\t\t\t<\/div>\n\t\t\t\t<div class=\"elementor-element elementor-element-9fdd12d elementor-widget elementor-widget-text-editor\" data-id=\"9fdd12d\" data-element_type=\"widget\" data-e-type=\"widget\" data-widget_type=\"text-editor.default\">\n\t\t\t\t<div class=\"elementor-widget-container\">\n\t\t\t\t\t\t\t\t\t<p class=\"p1\">En el grupo Aromar Hotels &amp; Restaurants ponemos especial inter\u00e9s en la gastronom\u00eda, dise\u00f1ando bufets pensados para el gusto de todos nuestros clientes, cubriendo todas sus preferencias con productos de proximidad, de m\u00e1xima calidad y con una cuidada presentaci\u00f3n.<\/p><p class=\"p1\">El Hotel Aromar dispone de un atractivo bufet de cocina mediterr\u00e1nea, sana y variada, que cuida cada detalle y prioriza los productos de Km 0, con diferentes opciones para intolerancias, alergias y dietas especiales.<\/p><p class=\"p1\">Su extraordinaria ubicaci\u00f3n frente a la Platja Gran, junto con su amplia terraza y maravillosas vistas al mar, permite disfrutar de una experiencia gastron\u00f3mica \u00fanica. Los desayunos incluyen una variada oferta de l\u00e1cteos, cereales, fruta natural, charcuter\u00eda, huevos y platos calientes con cocina en vivo, todo tipo de pan, boller\u00eda y una amplia variedad de zumos, zumo de naranja natural, caf\u00e9s e infusiones.<\/p><p class=\"p1\"><b>Horario: <\/b>Abierto todos los d\u00edas. Desayunos de 8:00 a 11:00h, comidas de 13:00 a 15:30h y cenas de 19:30 a 22:00h.<\/p><p class=\"p1\">El Bufet Mestral est\u00e1 abierto tanto para clientes del hotel como para personas no alojadas.<\/p>\t\t\t\t\t\t\t\t<\/div>\n\t\t\t\t<\/div>\n\t\t<div class=\"elementor-element elementor-element-a797498 e-con-full e-flex e-con e-child\" data-id=\"a797498\" data-element_type=\"container\" data-e-type=\"container\">\n\t\t\t\t<div class=\"elementor-element elementor-element-34d5d2c elementor-widget elementor-widget-button\" data-id=\"34d5d2c\" data-element_type=\"widget\" data-e-type=\"widget\" data-widget_type=\"button.default\">\n\t\t\t\t<div class=\"elementor-widget-container\">\n\t\t\t\t\t\t\t\t\t<div class=\"elementor-button-wrapper\">\n\t\t\t\t\t<a class=\"elementor-button elementor-button-link elementor-size-sm\" href=\"https:\/\/hotelaromar.com\/es\/gastronomia\/\" target=\"_blank\">\n\t\t\t\t\t\t<span class=\"elementor-button-content-wrapper\">\n\t\t\t\t\t\t\t\t\t<span class=\"elementor-button-text\">Ver restaurante<\/span>\n\t\t\t\t\t<\/span>\n\t\t\t\t\t<\/a>\n\t\t\t\t<\/div>\n\t\t\t\t\t\t\t\t<\/div>\n\t\t\t\t<\/div>\n\t\t\t\t<\/div>\n\t\t\t\t<\/div>\n\t\t\t\t<\/div>\n\t\t\t\t<\/div>\n\t\t<div class=\"elementor-element elementor-element-991e658 e-con-full e-flex e-con e-parent\" data-id=\"991e658\" data-element_type=\"container\" data-e-type=\"container\">\n\t\t\t\t<div class=\"elementor-element elementor-element-78a8ebf elementor-widget elementor-widget-template\" data-id=\"78a8ebf\" data-element_type=\"widget\" data-e-type=\"widget\" data-widget_type=\"template.default\">\n\t\t\t\t<div class=\"elementor-widget-container\">\n\t\t\t\t\t\t\t<div class=\"elementor-template\">\n\t\t\t\t\t<div data-elementor-type=\"container\" data-elementor-id=\"8693\" class=\"elementor elementor-8693 elementor-8470 elementor-8470\" data-elementor-post-type=\"elementor_library\">\n\t\t\t\t<div class=\"elementor-element elementor-element-ebc97e7 e-flex e-con-boxed e-con e-parent\" data-id=\"ebc97e7\" data-element_type=\"container\" data-e-type=\"container\" data-settings=\"{&quot;background_background&quot;:&quot;classic&quot;}\">\n\t\t\t\t\t<div class=\"e-con-inner\">\n\t\t\t\t<div class=\"elementor-element elementor-element-6cd8ca21 elementor-widget elementor-widget-heading\" data-id=\"6cd8ca21\" data-element_type=\"widget\" data-e-type=\"widget\" data-widget_type=\"heading.default\">\n\t\t\t\t<div class=\"elementor-widget-container\">\n\t\t\t\t\t<div class=\"elementor-heading-title elementor-size-default\">Ventajas de reservar en la web<\/div>\t\t\t\t<\/div>\n\t\t\t\t<\/div>\n\t\t<div class=\"elementor-element elementor-element-fd9042e e-con-full e-flex e-con e-child\" data-id=\"fd9042e\" data-element_type=\"container\" data-e-type=\"container\">\n\t\t\t\t<div class=\"elementor-element elementor-element-636cc431 elementor-widget-mobile__width-initial elementor-view-default elementor-position-block-start elementor-mobile-position-block-start elementor-widget elementor-widget-icon-box\" data-id=\"636cc431\" data-element_type=\"widget\" data-e-type=\"widget\" data-widget_type=\"icon-box.default\">\n\t\t\t\t<div class=\"elementor-widget-container\">\n\t\t\t\t\t\t\t<div class=\"elementor-icon-box-wrapper\">\n\n\t\t\t\t\t\t<div class=\"elementor-icon-box-icon\">\n\t\t\t\t<span  class=\"elementor-icon\">\n\t\t\t\t<svg xmlns=\"http:\/\/www.w3.org\/2000\/svg\" height=\"24px\" viewBox=\"0 -960 960 960\" width=\"24px\" fill=\"#000000\"><path d=\"M444.5-164.5Q430-179 430-200t14.5-35.5Q459-250 480-250t35.5 14.5Q530-221 530-200t-14.5 35.5Q501-150 480-150t-35.5-14.5ZM254-346l-28-28q50-50 114.5-78T480-480q75 0 139.5 28T734-374l-28 28q-44-44-102-69t-124-25q-66 0-124 25t-102 69ZM84-516l-28-28q81-81 189-128.5T480-720q127 0 235 47.5T904-544l-28 28q-77-77-178.5-120.5T480-680q-116 0-217.5 43.5T84-516Z\"><\/path><\/svg>\t\t\t\t<\/span>\n\t\t\t<\/div>\n\t\t\t\n\t\t\t\t\t\t<div class=\"elementor-icon-box-content\">\n\n\t\t\t\t\t\t\t\t\t<h3 class=\"elementor-icon-box-title\">\n\t\t\t\t\t\t<span  >\n\t\t\t\t\t\t\tWi-Fi gratis\t\t\t\t\t\t<\/span>\n\t\t\t\t\t<\/h3>\n\t\t\t\t\n\t\t\t\t\n\t\t\t<\/div>\n\t\t\t\n\t\t<\/div>\n\t\t\t\t\t\t<\/div>\n\t\t\t\t<\/div>\n\t\t\t\t<div class=\"elementor-element elementor-element-327e8bff elementor-widget-mobile__width-initial elementor-view-default elementor-position-block-start elementor-mobile-position-block-start elementor-widget elementor-widget-icon-box\" data-id=\"327e8bff\" data-element_type=\"widget\" data-e-type=\"widget\" data-widget_type=\"icon-box.default\">\n\t\t\t\t<div class=\"elementor-widget-container\">\n\t\t\t\t\t\t\t<div class=\"elementor-icon-box-wrapper\">\n\n\t\t\t\t\t\t<div class=\"elementor-icon-box-icon\">\n\t\t\t\t<span  class=\"elementor-icon\">\n\t\t\t\t<svg xmlns=\"http:\/\/www.w3.org\/2000\/svg\" height=\"24px\" viewBox=\"0 -960 960 960\" width=\"24px\" fill=\"#000000\"><path d=\"M192-132q-26 0-43-17t-17-43v-576q0-26 17-43t43-17h576q26 0 43 17t17 43v576q0 26-17 43t-43 17H192Zm0-28h576q12 0 22-10t10-22v-576q0-12-10-22t-22-10H192q-12 0-22 10t-10 22v576q0 12 10 22t22 10Zm128.5-260.5Q312-429 312-440t8.5-19.5Q329-468 340-468t19.5 8.5Q368-451 368-440t-8.5 19.5Q351-412 340-412t-19.5-8.5Zm280 0Q592-429 592-440t8.5-19.5Q609-468 620-468t19.5 8.5Q648-451 648-440t-8.5 19.5Q631-412 620-412t-19.5-8.5ZM252-508v222q0 6 4 10t10 4q6 0 10-4t4-10v-66h400v66q0 6 4 10t10 4q6 0 10-4t4-10v-222l-58-166q-2-7-7.5-10.5T630-688H330q-7 0-12.5 3.5T310-674l-58 166Zm36-20 46-132h292l46 132H288ZM160-800v640-640Zm120 420v-120h400v120H280Z\"><\/path><\/svg>\t\t\t\t<\/span>\n\t\t\t<\/div>\n\t\t\t\n\t\t\t\t\t\t<div class=\"elementor-icon-box-content\">\n\n\t\t\t\t\t\t\t\t\t<h3 class=\"elementor-icon-box-title\">\n\t\t\t\t\t\t<span  >\n\t\t\t\t\t\t\tParking gratis\t\t\t\t\t\t<\/span>\n\t\t\t\t\t<\/h3>\n\t\t\t\t\n\t\t\t\t\n\t\t\t<\/div>\n\t\t\t\n\t\t<\/div>\n\t\t\t\t\t\t<\/div>\n\t\t\t\t<\/div>\n\t\t\t\t<div class=\"elementor-element elementor-element-846c732 elementor-widget-mobile__width-initial elementor-view-default elementor-position-block-start elementor-mobile-position-block-start elementor-widget elementor-widget-icon-box\" data-id=\"846c732\" data-element_type=\"widget\" data-e-type=\"widget\" data-widget_type=\"icon-box.default\">\n\t\t\t\t<div class=\"elementor-widget-container\">\n\t\t\t\t\t\t\t<div class=\"elementor-icon-box-wrapper\">\n\n\t\t\t\t\t\t<div class=\"elementor-icon-box-icon\">\n\t\t\t\t<span  class=\"elementor-icon\">\n\t\t\t\t<svg xmlns=\"http:\/\/www.w3.org\/2000\/svg\" height=\"24px\" viewBox=\"0 -960 960 960\" width=\"24px\" fill=\"#000000\"><path d=\"m354-287 126-76 126 77-33-144 111-96-146-13-58-136-58 135-146 13 111 97-33 143Zm-43 59 45-192-149-129 196-17 77-181 77 181 196 17-149 129 45 192-169-102-169 102Zm169-242Z\"><\/path><\/svg>\t\t\t\t<\/span>\n\t\t\t<\/div>\n\t\t\t\n\t\t\t\t\t\t<div class=\"elementor-icon-box-content\">\n\n\t\t\t\t\t\t\t\t\t<h3 class=\"elementor-icon-box-title\">\n\t\t\t\t\t\t<span  >\n\t\t\t\t\t\t\tCheck-in\/out flexible\t\t\t\t\t\t<\/span>\n\t\t\t\t\t<\/h3>\n\t\t\t\t\n\t\t\t\t\n\t\t\t<\/div>\n\t\t\t\n\t\t<\/div>\n\t\t\t\t\t\t<\/div>\n\t\t\t\t<\/div>\n\t\t\t\t<div class=\"elementor-element elementor-element-13300eda elementor-widget-mobile__width-initial elementor-view-default elementor-position-block-start elementor-mobile-position-block-start elementor-widget elementor-widget-icon-box\" data-id=\"13300eda\" data-element_type=\"widget\" data-e-type=\"widget\" data-widget_type=\"icon-box.default\">\n\t\t\t\t<div class=\"elementor-widget-container\">\n\t\t\t\t\t\t\t<div class=\"elementor-icon-box-wrapper\">\n\n\t\t\t\t\t\t<div class=\"elementor-icon-box-icon\">\n\t\t\t\t<span  class=\"elementor-icon\">\n\t\t\t\t<svg xmlns=\"http:\/\/www.w3.org\/2000\/svg\" height=\"24px\" viewBox=\"0 -960 960 960\" width=\"24px\" fill=\"#000000\"><path d=\"M828-688v416q0 26-17 43t-43 17H192q-26 0-43-17t-17-43v-416q0-26 17-43t43-17h576q26 0 43 17t17 43Zm-668 90h640v-90q0-12-10-22t-22-10H192q-12 0-22 10t-10 22v90Zm0 76v250q0 12 10 22t22 10h576q12 0 22-10t10-22v-250H160Zm0 282v-480 480Z\"><\/path><\/svg>\t\t\t\t<\/span>\n\t\t\t<\/div>\n\t\t\t\n\t\t\t\t\t\t<div class=\"elementor-icon-box-content\">\n\n\t\t\t\t\t\t\t\t\t<h3 class=\"elementor-icon-box-title\">\n\t\t\t\t\t\t<span  >\n\t\t\t\t\t\t\tPago en el hotel\t\t\t\t\t\t<\/span>\n\t\t\t\t\t<\/h3>\n\t\t\t\t\n\t\t\t\t\n\t\t\t<\/div>\n\t\t\t\n\t\t<\/div>\n\t\t\t\t\t\t<\/div>\n\t\t\t\t<\/div>\n\t\t\t\t<\/div>\n\t\t\t\t\t<\/div>\n\t\t\t\t<\/div>\n\t\t\t\t<\/div>\n\t\t\t\t<\/div>\n\t\t\t\t\t\t<\/div>\n\t\t\t\t<\/div>\n\t\t\t\t<\/div>\n\t\t\t\t<\/div>\n\t\t","protected":false},"excerpt":{"rendered":"<p>La Restauraci\u00f3n en el Hotel Platja d&#8217;Aro El Hotel Platja d&#8217;Aro ofrece a sus clientes alojados un desayuno buf\u00e9 que se sirve en el comedor del hotel. Para que su estancia sea lo m\u00e1s agradable posible, hemos ampliado el horario del servicio de desayuno, que ser\u00e1 de 8h a 10:30h de la ma\u00f1ana. Adem\u00e1s, como&hellip;&nbsp;<\/p>\n","protected":false},"author":1,"featured_media":0,"parent":0,"menu_order":0,"comment_status":"closed","ping_status":"closed","template":"elementor_header_footer","meta":{"_acf_changed":false,"neve_meta_sidebar":"","neve_meta_container":"","neve_meta_enable_content_width":"off","neve_meta_content_width":100,"neve_meta_title_alignment":"","neve_meta_author_avatar":"","neve_post_elements_order":"","neve_meta_disable_header":"","neve_meta_disable_footer":"","neve_meta_disable_title":"","neve_meta_reading_time":"","footnotes":""},"class_list":["post-8190","page","type-page","status-publish","hentry"],"acf":[],"yoast_head":"<!-- This site is optimized with the Yoast SEO plugin v28.4 - https:\/\/yoast.com\/product\/yoast-seo-wordpress\/ -->\n<title>La Restauraci\u00f3n en el Hotel Platja d&#039;Aro | Hotel Platja d&#039;Aro<\/title>\n<meta name=\"robots\" content=\"index, follow, max-snippet:-1, max-image-preview:large, max-video-preview:-1\" \/>\n<link rel=\"canonical\" href=\"https:\/\/www.hplatjadaro.com\/es\/restauracion\/\" \/>\n<meta property=\"og:locale\" content=\"es_ES\" \/>\n<meta property=\"og:type\" content=\"article\" \/>\n<meta property=\"og:title\" content=\"La Restauraci\u00f3n en el Hotel Platja d&#039;Aro | Hotel Platja d&#039;Aro\" \/>\n<meta property=\"og:description\" content=\"La Restauraci\u00f3n en el Hotel Platja d&#8217;Aro El Hotel Platja d&#8217;Aro ofrece a sus clientes alojados un desayuno buf\u00e9 que se sirve en el comedor del hotel. Para que su estancia sea lo m\u00e1s agradable posible, hemos ampliado el horario del servicio de desayuno, que ser\u00e1 de 8h a 10:30h de la ma\u00f1ana. Adem\u00e1s, como&hellip;&nbsp;\" \/>\n<meta property=\"og:url\" content=\"https:\/\/www.hplatjadaro.com\/es\/restauracion\/\" \/>\n<meta property=\"og:site_name\" content=\"Hotel Platja d&#039;Aro\" \/>\n<meta property=\"article:publisher\" content=\"https:\/\/www.facebook.com\/hotelplatjadaro\/\" \/>\n<meta property=\"article:modified_time\" content=\"2026-09-03T11:47:36+00:00\" \/>\n<meta property=\"og:image\" content=\"https:\/\/www.hplatjadaro.com\/wp-content\/uploads\/2026\/09\/logo-hplatjadaro.webp\" \/>\n\t<meta property=\"og:image:width\" content=\"1280\" \/>\n\t<meta property=\"og:image:height\" content=\"720\" \/>\n\t<meta property=\"og:image:type\" content=\"image\/webp\" \/>\n<meta name=\"twitter:card\" content=\"summary_large_image\" \/>\n<meta name=\"twitter:label1\" content=\"Tiempo de lectura\" \/>\n\t<meta name=\"twitter:data1\" content=\"3 minutos\" \/>\n<script type=\"application\/ld+json\" class=\"yoast-schema-graph\">{\"@context\":\"https:\\\/\\\/schema.org\",\"@graph\":[{\"@type\":\"WebPage\",\"@id\":\"https:\\\/\\\/www.hplatjadaro.com\\\/es\\\/restauracion\\\/\",\"url\":\"https:\\\/\\\/www.hplatjadaro.com\\\/es\\\/restauracion\\\/\",\"name\":\"La Restauraci\u00f3n en el Hotel Platja d'Aro | Hotel Platja d&#039;Aro\",\"isPartOf\":{\"@id\":\"https:\\\/\\\/www.hplatjadaro.com\\\/es\\\/#website\"},\"datePublished\":\"2026-07-01T11:39:35+00:00\",\"dateModified\":\"2026-09-03T11:47:36+00:00\",\"breadcrumb\":{\"@id\":\"https:\\\/\\\/www.hplatjadaro.com\\\/es\\\/restauracion\\\/#breadcrumb\"},\"inLanguage\":\"es\",\"potentialAction\":[{\"@type\":\"ReadAction\",\"target\":[\"https:\\\/\\\/www.hplatjadaro.com\\\/es\\\/restauracion\\\/\"]}]},{\"@type\":\"BreadcrumbList\",\"@id\":\"https:\\\/\\\/www.hplatjadaro.com\\\/es\\\/restauracion\\\/#breadcrumb\",\"itemListElement\":[{\"@type\":\"ListItem\",\"position\":1,\"name\":\"Portada\",\"item\":\"https:\\\/\\\/www.hplatjadaro.com\\\/es\\\/\"},{\"@type\":\"ListItem\",\"position\":2,\"name\":\"La Restauraci\u00f3n en el Hotel Platja d&#8217;Aro\"}]},{\"@type\":\"WebSite\",\"@id\":\"https:\\\/\\\/www.hplatjadaro.com\\\/es\\\/#website\",\"url\":\"https:\\\/\\\/www.hplatjadaro.com\\\/es\\\/\",\"name\":\"Hotel Platja d'Aro\",\"description\":\"Un hotel familiar al costat de la platja\",\"publisher\":{\"@id\":\"https:\\\/\\\/www.hplatjadaro.com\\\/es\\\/#organization\"},\"alternateName\":\"Hotel Platja d'Aro\",\"potentialAction\":[{\"@type\":\"SearchAction\",\"target\":{\"@type\":\"EntryPoint\",\"urlTemplate\":\"https:\\\/\\\/www.hplatjadaro.com\\\/es\\\/?s={search_term_string}\"},\"query-input\":{\"@type\":\"PropertyValueSpecification\",\"valueRequired\":true,\"valueName\":\"search_term_string\"}}],\"inLanguage\":\"es\"},{\"@type\":\"Organization\",\"@id\":\"https:\\\/\\\/www.hplatjadaro.com\\\/es\\\/#organization\",\"name\":\"Hotel Platja d'Aro\",\"alternateName\":\"Hotel Platja d'Aro\",\"url\":\"https:\\\/\\\/www.hplatjadaro.com\\\/es\\\/\",\"logo\":{\"@type\":\"ImageObject\",\"inLanguage\":\"es\",\"@id\":\"https:\\\/\\\/www.hplatjadaro.com\\\/es\\\/#\\\/schema\\\/logo\\\/image\\\/\",\"url\":\"https:\\\/\\\/www.hplatjadaro.com\\\/wp-content\\\/uploads\\\/2026\\\/07\\\/favicon.png\",\"contentUrl\":\"https:\\\/\\\/www.hplatjadaro.com\\\/wp-content\\\/uploads\\\/2026\\\/07\\\/favicon.png\",\"width\":512,\"height\":512,\"caption\":\"Hotel Platja d'Aro\"},\"image\":{\"@id\":\"https:\\\/\\\/www.hplatjadaro.com\\\/es\\\/#\\\/schema\\\/logo\\\/image\\\/\"},\"sameAs\":[\"https:\\\/\\\/www.facebook.com\\\/hotelplatjadaro\\\/\",\"https:\\\/\\\/www.linkedin.com\\\/company\\\/grup-aromar\\\/about\\\/\",\"https:\\\/\\\/www.instagram.com\\\/hotelplatjadaro\\\/\",\"https:\\\/\\\/www.tiktok.com\\\/@aromarhotels\"]}]}<\/script>\n<!-- \/ Yoast SEO plugin. -->","yoast_head_json":{"title":"La Restauraci\u00f3n en el Hotel Platja d'Aro | Hotel Platja d&#039;Aro","robots":{"index":"index","follow":"follow","max-snippet":"max-snippet:-1","max-image-preview":"max-image-preview:large","max-video-preview":"max-video-preview:-1"},"canonical":"https:\/\/www.hplatjadaro.com\/es\/restauracion\/","og_locale":"es_ES","og_type":"article","og_title":"La Restauraci\u00f3n en el Hotel Platja d'Aro | Hotel Platja d&#039;Aro","og_description":"La Restauraci\u00f3n en el Hotel Platja d&#8217;Aro El Hotel Platja d&#8217;Aro ofrece a sus clientes alojados un desayuno buf\u00e9 que se sirve en el comedor del hotel. Para que su estancia sea lo m\u00e1s agradable posible, hemos ampliado el horario del servicio de desayuno, que ser\u00e1 de 8h a 10:30h de la ma\u00f1ana. Adem\u00e1s, como&hellip;&nbsp;","og_url":"https:\/\/www.hplatjadaro.com\/es\/restauracion\/","og_site_name":"Hotel Platja d&#039;Aro","article_publisher":"https:\/\/www.facebook.com\/hotelplatjadaro\/","article_modified_time":"2026-09-03T11:47:36+00:00","og_image":[{"width":1280,"height":720,"url":"https:\/\/www.hplatjadaro.com\/wp-content\/uploads\/2026\/09\/logo-hplatjadaro.webp","type":"image\/webp"}],"twitter_card":"summary_large_image","twitter_misc":{"Tiempo de lectura":"3 minutos"},"schema":{"@context":"https:\/\/schema.org","@graph":[{"@type":"WebPage","@id":"https:\/\/www.hplatjadaro.com\/es\/restauracion\/","url":"https:\/\/www.hplatjadaro.com\/es\/restauracion\/","name":"La Restauraci\u00f3n en el Hotel Platja d'Aro | Hotel Platja d&#039;Aro","isPartOf":{"@id":"https:\/\/www.hplatjadaro.com\/es\/#website"},"datePublished":"2026-07-01T11:39:35+00:00","dateModified":"2026-09-03T11:47:36+00:00","breadcrumb":{"@id":"https:\/\/www.hplatjadaro.com\/es\/restauracion\/#breadcrumb"},"inLanguage":"es","potentialAction":[{"@type":"ReadAction","target":["https:\/\/www.hplatjadaro.com\/es\/restauracion\/"]}]},{"@type":"BreadcrumbList","@id":"https:\/\/www.hplatjadaro.com\/es\/restauracion\/#breadcrumb","itemListElement":[{"@type":"ListItem","position":1,"name":"Portada","item":"https:\/\/www.hplatjadaro.com\/es\/"},{"@type":"ListItem","position":2,"name":"La Restauraci\u00f3n en el Hotel Platja d&#8217;Aro"}]},{"@type":"WebSite","@id":"https:\/\/www.hplatjadaro.com\/es\/#website","url":"https:\/\/www.hplatjadaro.com\/es\/","name":"Hotel Platja d'Aro","description":"Un hotel familiar al costat de la platja","publisher":{"@id":"https:\/\/www.hplatjadaro.com\/es\/#organization"},"alternateName":"Hotel Platja d'Aro","potentialAction":[{"@type":"SearchAction","target":{"@type":"EntryPoint","urlTemplate":"https:\/\/www.hplatjadaro.com\/es\/?s={search_term_string}"},"query-input":{"@type":"PropertyValueSpecification","valueRequired":true,"valueName":"search_term_string"}}],"inLanguage":"es"},{"@type":"Organization","@id":"https:\/\/www.hplatjadaro.com\/es\/#organization","name":"Hotel Platja d'Aro","alternateName":"Hotel Platja d'Aro","url":"https:\/\/www.hplatjadaro.com\/es\/","logo":{"@type":"ImageObject","inLanguage":"es","@id":"https:\/\/www.hplatjadaro.com\/es\/#\/schema\/logo\/image\/","url":"https:\/\/www.hplatjadaro.com\/wp-content\/uploads\/2026\/07\/favicon.png","contentUrl":"https:\/\/www.hplatjadaro.com\/wp-content\/uploads\/2026\/07\/favicon.png","width":512,"height":512,"caption":"Hotel Platja d'Aro"},"image":{"@id":"https:\/\/www.hplatjadaro.com\/es\/#\/schema\/logo\/image\/"},"sameAs":["https:\/\/www.facebook.com\/hotelplatjadaro\/","https:\/\/www.linkedin.com\/company\/grup-aromar\/about\/","https:\/\/www.instagram.com\/hotelplatjadaro\/","https:\/\/www.tiktok.com\/@aromarhotels"]}]}},"_links":{"self":[{"href":"https:\/\/www.hplatjadaro.com\/es\/wp-json\/wp\/v2\/pages\/8190","targetHints":{"allow":["GET"]}}],"collection":[{"href":"https:\/\/www.hplatjadaro.com\/es\/wp-json\/wp\/v2\/pages"}],"about":[{"href":"https:\/\/www.hplatjadaro.com\/es\/wp-json\/wp\/v2\/types\/page"}],"author":[{"embeddable":true,"href":"https:\/\/www.hplatjadaro.com\/es\/wp-json\/wp\/v2\/users\/1"}],"replies":[{"embeddable":true,"href":"https:\/\/www.hplatjadaro.com\/es\/wp-json\/wp\/v2\/comments?post=8190"}],"version-history":[{"count":10,"href":"https:\/\/www.hplatjadaro.com\/es\/wp-json\/wp\/v2\/pages\/8190\/revisions"}],"predecessor-version":[{"id":10310,"href":"https:\/\/www.hplatjadaro.com\/es\/wp-json\/wp\/v2\/pages\/8190\/revisions\/10310"}],"wp:attachment":[{"href":"https:\/\/www.hplatjadaro.com\/es\/wp-json\/wp\/v2\/media?parent=8190"}],"curies":[{"name":"wp","href":"https:\/\/api.w.org\/{rel}","templated":true}]}}