{"id":8192,"date":"2026-07-01T13:39:35","date_gmt":"2026-07-01T11:39:35","guid":{"rendered":"https:\/\/www.hplatjadaro.com\/restauration-4\/"},"modified":"2026-09-03T13:50:23","modified_gmt":"2026-09-03T11:50:23","slug":"restauration","status":"publish","type":"page","link":"https:\/\/www.hplatjadaro.com\/fr\/restauration\/","title":{"rendered":"La restauration \u00e0 l&rsquo;Hotel Platja d&rsquo;Aro"},"content":{"rendered":"\t\t<div data-elementor-type=\"wp-page\" data-elementor-id=\"8192\" class=\"elementor elementor-8192 elementor-8189\" data-elementor-post-type=\"page\">\n\t\t\t\t<div class=\"elementor-element elementor-element-ea2a831 e-flex e-con-boxed e-con e-parent\" data-id=\"ea2a831\" data-element_type=\"container\" data-e-type=\"container\" data-settings=\"{&quot;background_background&quot;:&quot;classic&quot;}\">\n\t\t\t\t\t<div class=\"e-con-inner\">\n\t\t\t\t<div class=\"elementor-element elementor-element-ef0addd elementor-widget elementor-widget-heading\" data-id=\"ef0addd\" data-element_type=\"widget\" data-e-type=\"widget\" data-widget_type=\"heading.default\">\n\t\t\t\t<div class=\"elementor-widget-container\">\n\t\t\t\t\t<h1 class=\"elementor-heading-title elementor-size-default\">La restauration \u00e0 l'Hotel Platja d'Aro<\/h1>\t\t\t\t<\/div>\n\t\t\t\t<\/div>\n\t\t\t\t\t<\/div>\n\t\t\t\t<\/div>\n\t\t<div class=\"elementor-element elementor-element-2c0dfcd e-flex e-con-boxed e-con e-parent\" data-id=\"2c0dfcd\" data-element_type=\"container\" data-e-type=\"container\" data-settings=\"{&quot;background_background&quot;:&quot;classic&quot;}\">\n\t\t\t\t\t<div class=\"e-con-inner\">\n\t\t\t\t<div class=\"elementor-element elementor-element-7618407 elementor-widget elementor-widget-text-editor\" data-id=\"7618407\" data-element_type=\"widget\" data-e-type=\"widget\" data-widget_type=\"text-editor.default\">\n\t\t\t\t<div class=\"elementor-widget-container\">\n\t\t\t\t\t\t\t\t\t<div class=\"qMYqUG_convSearchResultHighlightRoot\"><div class=\"\" data-turn-id-container=\"request-WEB:3aae0859-1426-453a-afdc-22663ec76af0-22\" data-is-intersecting=\"true\"><section class=\"text-token-text-primary w-full focus:outline-none has-data-writing-block:pointer-events-none [&amp;:has([data-writing-block])&gt;*]:pointer-events-auto R6Vx5W_threadScrollVars scroll-mb-[calc(var(--scroll-root-safe-area-inset-bottom,0px)+var(--thread-response-height))] scroll-mt-[calc(var(--header-height)+min(200px,max(70px,20svh)))]\" dir=\"auto\" data-turn-id=\"request-WEB:3aae0859-1426-453a-afdc-22663ec76af0-22\" data-turn-id-container=\"request-WEB:3aae0859-1426-453a-afdc-22663ec76af0-22\" data-testid=\"conversation-turn-46\" data-turn=\"assistant\"><div class=\"text-base my-auto mx-auto pb-8 [--thread-content-margin:var(--thread-content-margin-xs,calc(var(--spacing)*4))] @w-sm\/main:[--thread-content-margin:var(--thread-content-margin-sm,calc(var(--spacing)*6))] @w-lg\/main:[--thread-content-margin:var(--thread-content-margin-lg,calc(var(--spacing)*16))] px-(--thread-content-margin)\"><div class=\"[--thread-content-max-width:40rem] @w-lg\/main:[--thread-content-max-width:48rem] mx-auto max-w-(--thread-content-max-width) flex-1 group\/turn-messages focus-visible:outline-hidden relative flex w-full min-w-0 flex-col agent-turn\" data-conversation-screenshot-content=\"\"><div class=\"flex max-w-full flex-col gap-4 grow\"><div class=\"min-h-8 text-message relative flex w-full flex-col items-end gap-2 text-start break-words whitespace-normal outline-none keyboard-focused:focus-ring [.text-message+&amp;]:mt-1\" dir=\"auto\" tabindex=\"0\" data-message-author-role=\"assistant\" data-message-id=\"e4f3a331-6342-4112-a942-cafedfd1bb14\" data-turn-start-message=\"true\" data-message-model-slug=\"gpt-5-6-thinking\"><div class=\"flex w-full flex-col gap-1 empty:hidden\"><div class=\"markdown prose dark:prose-invert wrap-break-word w-full light markdown-new-styling\"><p class=\"PDq2pG_selectionAnchorContainer\" data-start=\"0\" data-end=\"283\">L\u2019Hotel Platja d&rsquo;Aro propose \u00e0 ses clients h\u00e9berg\u00e9s un <strong data-start=\"55\" data-end=\"80\">petit-d\u00e9jeuner buffet<\/strong> servi dans la salle de restaurant de l\u2019h\u00f4tel. Afin de rendre votre s\u00e9jour aussi agr\u00e9able que possible, nous avons \u00e9largi les horaires du service de petit-d\u00e9jeuner, qui sera propos\u00e9 de <strong data-start=\"265\" data-end=\"282\">8 h \u00e0 10 h 30<\/strong>.<\/p><p data-start=\"285\" data-end=\"811\">De plus, en tant que client s\u00e9journant \u00e0 l\u2019Hotel Platja d&rsquo;Aro, vous pourrez b\u00e9n\u00e9ficier d\u2019une <strong data-start=\"378\" data-end=\"396\">remise de 17 %<\/strong> dans les restaurants de notre groupe : le <strong data-start=\"439\" data-end=\"459\">Restaurant Arad\u00ed<\/strong>, \u00e0 l\u2019Hotel Costa Brava, qui propose une cuisine m\u00e9diterran\u00e9enne traditionnelle et de saison, et le <strong data-start=\"559\" data-end=\"576\">Bufet Mestral<\/strong>, \u00e0 l\u2019Hotel Aromar, dont l\u2019offre gastronomique met \u00e0 l\u2019honneur les produits locaux. Une fa\u00e7on id\u00e9ale de compl\u00e9ter votre exp\u00e9rience gastronomique \u00e0 Platja d&rsquo;Aro tout en profitant des \u00e9tablissements du groupe Aromar Hotels &amp; Restaurants.<\/p><p data-start=\"813\" data-end=\"1038\" data-is-last-node=\"\" data-is-only-node=\"\"><strong data-start=\"813\" data-end=\"886\">Retirez votre bon de r\u00e9duction \u00e0 la r\u00e9ception de l\u2019Hotel Platja d&rsquo;Aro<\/strong> et <strong data-start=\"890\" data-end=\"1038\" data-is-last-node=\"\">pr\u00e9sentez-le, accompagn\u00e9 d\u2019un justificatif attestant que vous \u00eates client de l\u2019h\u00f4tel, \u00e0 la r\u00e9ception ou au restaurant de l\u2019h\u00f4tel de votre choix.<\/strong><\/p><\/div><\/div><\/div><\/div><\/div><\/div><\/section><\/div><\/div>\t\t\t\t\t\t\t\t<\/div>\n\t\t\t\t<\/div>\n\t\t\t\t\t<\/div>\n\t\t\t\t<\/div>\n\t\t<div class=\"elementor-element elementor-element-86d1a76 e-con-full e-flex e-con e-parent\" data-id=\"86d1a76\" data-element_type=\"container\" data-e-type=\"container\">\n\t\t<div class=\"elementor-element elementor-element-4776560 e-con-full e-flex e-con e-child\" data-id=\"4776560\" data-element_type=\"container\" data-e-type=\"container\" data-settings=\"{&quot;background_background&quot;:&quot;slideshow&quot;,&quot;background_slideshow_gallery&quot;:[{&quot;id&quot;:8820,&quot;url&quot;:&quot;https:\\\/\\\/www.hplatjadaro.com\\\/wp-content\\\/uploads\\\/2026\\\/07\\\/bufet-2.jpg&quot;},{&quot;id&quot;:10315,&quot;url&quot;:&quot;https:\\\/\\\/www.hplatjadaro.com\\\/wp-content\\\/uploads\\\/2026\\\/07\\\/FILES_ITEMS_144_DSC06241_W_1900_Q_100.jpg&quot;}],&quot;background_slideshow_slide_duration&quot;:4500,&quot;background_slideshow_ken_burns&quot;:&quot;yes&quot;,&quot;background_slideshow_loop&quot;:&quot;yes&quot;,&quot;background_slideshow_slide_transition&quot;:&quot;fade&quot;,&quot;background_slideshow_transition_duration&quot;:500,&quot;background_slideshow_ken_burns_zoom_direction&quot;:&quot;in&quot;}\">\n\t\t\t\t<\/div>\n\t\t<div class=\"elementor-element elementor-element-afc9436 e-con-full e-flex e-con e-child\" data-id=\"afc9436\" data-element_type=\"container\" data-e-type=\"container\">\n\t\t<div class=\"elementor-element elementor-element-6335eae e-con-full e-flex e-con e-child\" data-id=\"6335eae\" data-element_type=\"container\" data-e-type=\"container\">\n\t\t\t\t<div class=\"elementor-element elementor-element-8783ecd elementor-widget elementor-widget-heading\" data-id=\"8783ecd\" data-element_type=\"widget\" data-e-type=\"widget\" data-widget_type=\"heading.default\">\n\t\t\t\t<div class=\"elementor-widget-container\">\n\t\t\t\t\t<h1 class=\"elementor-heading-title elementor-size-default\">Buffet de l\u2019Hotel Platja d'Aro<\/h1>\t\t\t\t<\/div>\n\t\t\t\t<\/div>\n\t\t\t\t<div class=\"elementor-element elementor-element-b20de22 elementor-widget elementor-widget-text-editor\" data-id=\"b20de22\" data-element_type=\"widget\" data-e-type=\"widget\" data-widget_type=\"text-editor.default\">\n\t\t\t\t<div class=\"elementor-widget-container\">\n\t\t\t\t\t\t\t\t\t<p class=\"PDq2pG_selectionAnchorContainer\" data-start=\"36\" data-end=\"318\">L\u2019Hotel Platja d&rsquo;Aro propose \u00e0 ses clients h\u00e9berg\u00e9s un <strong data-start=\"91\" data-end=\"122\">petit-d\u00e9jeuner buffet vari\u00e9<\/strong>, servi chaque matin dans la salle de restaurant de l\u2019h\u00f4tel, id\u00e9al pour commencer la journ\u00e9e avec \u00e9nergie avant de profiter de la plage, du centre de Platja d&rsquo;Aro ou de tout autre programme pr\u00e9vu.<\/p><p data-start=\"320\" data-end=\"575\" data-is-last-node=\"\" data-is-only-node=\"\">Afin de rendre votre s\u00e9jour aussi agr\u00e9able que possible, nous avons \u00e9largi les horaires du service de petit-d\u00e9jeuner, qui sera disponible de <strong data-start=\"461\" data-end=\"478\">8 h \u00e0 10 h 30<\/strong>, offrant ainsi davantage de flexibilit\u00e9 \u00e0 nos clients pour organiser leur journ\u00e9e \u00e0 leur rythme.<\/p>\t\t\t\t\t\t\t\t<\/div>\n\t\t\t\t<\/div>\n\t\t\t\t<\/div>\n\t\t\t\t<\/div>\n\t\t\t\t<\/div>\n\t\t<div class=\"elementor-element elementor-element-1fd73b1 e-con-full e-flex e-con e-parent\" data-id=\"1fd73b1\" data-element_type=\"container\" data-e-type=\"container\">\n\t\t<div class=\"elementor-element elementor-element-9cf59d4 e-con-full e-flex e-con e-child\" data-id=\"9cf59d4\" data-element_type=\"container\" data-e-type=\"container\" data-settings=\"{&quot;background_background&quot;:&quot;slideshow&quot;,&quot;background_slideshow_gallery&quot;:[{&quot;id&quot;:6756,&quot;url&quot;:&quot;https:\\\/\\\/www.hplatjadaro.com\\\/wp-content\\\/uploads\\\/2024\\\/04\\\/CF9B8092.webp&quot;},{&quot;id&quot;:6762,&quot;url&quot;:&quot;https:\\\/\\\/www.hplatjadaro.com\\\/wp-content\\\/uploads\\\/2024\\\/04\\\/CF9B8061.webp&quot;},{&quot;id&quot;:6780,&quot;url&quot;:&quot;https:\\\/\\\/www.hplatjadaro.com\\\/wp-content\\\/uploads\\\/2024\\\/04\\\/CF9B7982.webp&quot;},{&quot;id&quot;:6777,&quot;url&quot;:&quot;https:\\\/\\\/www.hplatjadaro.com\\\/wp-content\\\/uploads\\\/2024\\\/04\\\/CF9B7937.webp&quot;},{&quot;id&quot;:6774,&quot;url&quot;:&quot;https:\\\/\\\/www.hplatjadaro.com\\\/wp-content\\\/uploads\\\/2024\\\/04\\\/CF9B7933-1.webp&quot;},{&quot;id&quot;:6771,&quot;url&quot;:&quot;https:\\\/\\\/www.hplatjadaro.com\\\/wp-content\\\/uploads\\\/2024\\\/04\\\/CF9B8033.webp&quot;}],&quot;background_slideshow_slide_duration&quot;:4500,&quot;background_slideshow_ken_burns&quot;:&quot;yes&quot;,&quot;background_slideshow_transition_duration&quot;:650,&quot;background_slideshow_loop&quot;:&quot;yes&quot;,&quot;background_slideshow_slide_transition&quot;:&quot;fade&quot;,&quot;background_slideshow_ken_burns_zoom_direction&quot;:&quot;in&quot;}\">\n\t\t\t\t<\/div>\n\t\t<div class=\"elementor-element elementor-element-f824691 e-con-full e-flex e-con e-child\" data-id=\"f824691\" data-element_type=\"container\" data-e-type=\"container\">\n\t\t<div class=\"elementor-element elementor-element-c391ec2 e-con-full e-flex e-con e-child\" data-id=\"c391ec2\" data-element_type=\"container\" data-e-type=\"container\">\n\t\t\t\t<div class=\"elementor-element elementor-element-4366d7c elementor-widget elementor-widget-heading\" data-id=\"4366d7c\" data-element_type=\"widget\" data-e-type=\"widget\" data-widget_type=\"heading.default\">\n\t\t\t\t<div class=\"elementor-widget-container\">\n\t\t\t\t\t<h1 class=\"elementor-heading-title elementor-size-default\">Restaurant Arad\u00ed \u2014 Hotel Costa Brava<\/h1>\t\t\t\t<\/div>\n\t\t\t\t<\/div>\n\t\t\t\t<div class=\"elementor-element elementor-element-e91f72f elementor-widget elementor-widget-text-editor\" data-id=\"e91f72f\" data-element_type=\"widget\" data-e-type=\"widget\" data-widget_type=\"text-editor.default\">\n\t\t\t\t<div class=\"elementor-widget-container\">\n\t\t\t\t\t\t\t\t\t<p>La cuisine de l\u2019Empord\u00e0, entre mer et montagne, caract\u00e9rise la gastronomie du Restaurant Arad\u00ed, install\u00e9 au sein de l\u2019Hotel Costa Brava depuis mars 2021. Poissons et fruits de mer de notre c\u00f4te, fruits et l\u00e9gumes de nos potagers, ainsi que viandes et fromages locaux composent des menus \u00e9labor\u00e9s \u00e0 partir de produits de premi\u00e8re qualit\u00e9.<\/p><p>La cuisine m\u00e9diterran\u00e9enne traditionnelle et de saison d\u00e9finit la proposition de l\u2019Arad\u00ed, avec une attention particuli\u00e8re port\u00e9e au choix de chaque produit et une volont\u00e9 d\u2019\u00e9volution constante. Cette proposition gastronomique est dirig\u00e9e par le chef Leo Farias.<\/p><p>D\u00e9jeuner ou d\u00eener au Restaurant Arad\u00ed est une exp\u00e9rience inoubliable, non seulement gr\u00e2ce \u00e0 sa gastronomie, mais aussi \u00e0 son emplacement privil\u00e9gi\u00e9 face \u00e0 la mer. Les plats peuvent \u00eatre d\u00e9gust\u00e9s \u00e0 l\u2019int\u00e9rieur du restaurant, sur la terrasse couverte ou en plein air, au-dessus de Cala Rovira, avec un acc\u00e8s direct \u00e0 cette crique ainsi qu\u2019\u00e0 la Platja Gran de Platja d&rsquo;Aro.<\/p><p>Fond\u00e9 en 1963 par la famille Comas, le Restaurant Arad\u00ed \u00e9tait situ\u00e9 sur l\u2019Avenida Cavall Bernat de Platja d&rsquo;Aro jusqu\u2019en mars 2021, date \u00e0 laquelle il a int\u00e9gr\u00e9 l\u2019Hotel Costa Brava.<\/p>\t\t\t\t\t\t\t\t<\/div>\n\t\t\t\t<\/div>\n\t\t<div class=\"elementor-element elementor-element-8522d88 e-con-full e-flex e-con e-child\" data-id=\"8522d88\" data-element_type=\"container\" data-e-type=\"container\">\n\t\t\t\t<div class=\"elementor-element elementor-element-18c58be elementor-widget elementor-widget-button\" data-id=\"18c58be\" data-element_type=\"widget\" data-e-type=\"widget\" data-widget_type=\"button.default\">\n\t\t\t\t<div class=\"elementor-widget-container\">\n\t\t\t\t\t\t\t\t\t<div class=\"elementor-button-wrapper\">\n\t\t\t\t\t<a class=\"elementor-button elementor-button-link elementor-size-sm\" href=\"https:\/\/hotelcostabrava.com\/fr\/restaurant-aradi\/\" target=\"_blank\">\n\t\t\t\t\t\t<span class=\"elementor-button-content-wrapper\">\n\t\t\t\t\t\t\t\t\t<span class=\"elementor-button-text\">voir restaurant<\/span>\n\t\t\t\t\t<\/span>\n\t\t\t\t\t<\/a>\n\t\t\t\t<\/div>\n\t\t\t\t\t\t\t\t<\/div>\n\t\t\t\t<\/div>\n\t\t\t\t<\/div>\n\t\t\t\t<\/div>\n\t\t\t\t<\/div>\n\t\t\t\t<\/div>\n\t\t<div class=\"elementor-element elementor-element-dad85d3 e-con-full e-flex e-con e-parent\" data-id=\"dad85d3\" data-element_type=\"container\" data-e-type=\"container\">\n\t\t<div class=\"elementor-element elementor-element-f9d53cd e-con-full e-flex e-con e-child\" data-id=\"f9d53cd\" data-element_type=\"container\" data-e-type=\"container\" data-settings=\"{&quot;background_background&quot;:&quot;slideshow&quot;,&quot;background_slideshow_gallery&quot;:[{&quot;id&quot;:6837,&quot;url&quot;:&quot;https:\\\/\\\/www.hplatjadaro.com\\\/wp-content\\\/uploads\\\/2024\\\/07\\\/5b6a3b7cd545358e91bde375f2287c0e-1.jpg&quot;},{&quot;id&quot;:6591,&quot;url&quot;:&quot;https:\\\/\\\/www.hplatjadaro.com\\\/wp-content\\\/uploads\\\/2023\\\/08\\\/BUFFET_CALENT_4_1600.jpg&quot;},{&quot;id&quot;:6834,&quot;url&quot;:&quot;https:\\\/\\\/www.hplatjadaro.com\\\/wp-content\\\/uploads\\\/2024\\\/07\\\/rest2-1.webp&quot;}],&quot;background_slideshow_slide_duration&quot;:4500,&quot;background_slideshow_ken_burns&quot;:&quot;yes&quot;,&quot;background_slideshow_loop&quot;:&quot;yes&quot;,&quot;background_slideshow_slide_transition&quot;:&quot;fade&quot;,&quot;background_slideshow_transition_duration&quot;:500,&quot;background_slideshow_ken_burns_zoom_direction&quot;:&quot;in&quot;}\">\n\t\t\t\t<\/div>\n\t\t<div class=\"elementor-element elementor-element-8682178 e-con-full e-flex e-con e-child\" data-id=\"8682178\" data-element_type=\"container\" data-e-type=\"container\">\n\t\t<div class=\"elementor-element elementor-element-1ab7e57 e-con-full e-flex e-con e-child\" data-id=\"1ab7e57\" data-element_type=\"container\" data-e-type=\"container\">\n\t\t\t\t<div class=\"elementor-element elementor-element-d565d04 elementor-widget elementor-widget-heading\" data-id=\"d565d04\" data-element_type=\"widget\" data-e-type=\"widget\" data-widget_type=\"heading.default\">\n\t\t\t\t<div class=\"elementor-widget-container\">\n\t\t\t\t\t<h1 class=\"elementor-heading-title elementor-size-default\">Buffet Mestral \u2014 Hotel Aromar<\/h1>\t\t\t\t<\/div>\n\t\t\t\t<\/div>\n\t\t\t\t<div class=\"elementor-element elementor-element-756a0e6 elementor-widget elementor-widget-text-editor\" data-id=\"756a0e6\" data-element_type=\"widget\" data-e-type=\"widget\" data-widget_type=\"text-editor.default\">\n\t\t\t\t<div class=\"elementor-widget-container\">\n\t\t\t\t\t\t\t\t\t<p>Au sein du groupe Aromar Hotels &amp; Restaurants, nous accordons une attention toute particuli\u00e8re \u00e0 la gastronomie, en concevant des buffets adapt\u00e9s aux go\u00fbts de tous nos clients et \u00e0 leurs diff\u00e9rentes pr\u00e9f\u00e9rences, avec des produits locaux de premi\u00e8re qualit\u00e9 et une pr\u00e9sentation soign\u00e9e.<\/p><p>L\u2019Hotel Aromar propose un s\u00e9duisant buffet de cuisine m\u00e9diterran\u00e9enne, saine et vari\u00e9e, \u00e9labor\u00e9 avec le plus grand soin et privil\u00e9giant les produits Km 0, avec diff\u00e9rentes options adapt\u00e9es aux intol\u00e9rances, aux allergies et aux r\u00e9gimes alimentaires sp\u00e9cifiques.<\/p><p>Son emplacement exceptionnel face \u00e0 la Platja Gran, sa grande terrasse et ses magnifiques vues sur la mer permettent de profiter d\u2019une exp\u00e9rience gastronomique unique. Les petits-d\u00e9jeuners comprennent une large s\u00e9lection de produits laitiers, c\u00e9r\u00e9ales, fruits frais, charcuterie, \u0153ufs et plats chauds pr\u00e9par\u00e9s en cuisine ouverte, ainsi que diff\u00e9rentes sortes de pain, viennoiseries, une grande vari\u00e9t\u00e9 de jus, du jus d\u2019orange frais, des caf\u00e9s et des infusions.<\/p><p><strong>Horaires :<\/strong> ouvert tous les jours. Petit-d\u00e9jeuner de 8 h \u00e0 11 h, d\u00e9jeuner de 13 h \u00e0 15 h 30 et d\u00eener de 19 h 30 \u00e0 22 h.<\/p><p>Le Buffet Mestral est ouvert aussi bien aux clients de l\u2019h\u00f4tel qu\u2019aux personnes ne s\u00e9journant pas dans l\u2019\u00e9tablissement.<\/p>\t\t\t\t\t\t\t\t<\/div>\n\t\t\t\t<\/div>\n\t\t<div class=\"elementor-element elementor-element-848b0bd e-con-full e-flex e-con e-child\" data-id=\"848b0bd\" data-element_type=\"container\" data-e-type=\"container\">\n\t\t\t\t<div class=\"elementor-element elementor-element-e606355 elementor-widget elementor-widget-button\" data-id=\"e606355\" data-element_type=\"widget\" data-e-type=\"widget\" data-widget_type=\"button.default\">\n\t\t\t\t<div class=\"elementor-widget-container\">\n\t\t\t\t\t\t\t\t\t<div class=\"elementor-button-wrapper\">\n\t\t\t\t\t<a class=\"elementor-button elementor-button-link elementor-size-sm\" href=\"https:\/\/hotelaromar.com\/fr\/restauration-fr\/\" target=\"_blank\">\n\t\t\t\t\t\t<span class=\"elementor-button-content-wrapper\">\n\t\t\t\t\t\t\t\t\t<span class=\"elementor-button-text\">voir restaurant<\/span>\n\t\t\t\t\t<\/span>\n\t\t\t\t\t<\/a>\n\t\t\t\t<\/div>\n\t\t\t\t\t\t\t\t<\/div>\n\t\t\t\t<\/div>\n\t\t\t\t<\/div>\n\t\t\t\t<\/div>\n\t\t\t\t<\/div>\n\t\t\t\t<\/div>\n\t\t<div class=\"elementor-element elementor-element-991e658 e-con-full e-flex e-con e-parent\" data-id=\"991e658\" data-element_type=\"container\" data-e-type=\"container\">\n\t\t\t\t<div class=\"elementor-element elementor-element-78a8ebf elementor-widget elementor-widget-template\" data-id=\"78a8ebf\" data-element_type=\"widget\" data-e-type=\"widget\" data-widget_type=\"template.default\">\n\t\t\t\t<div class=\"elementor-widget-container\">\n\t\t\t\t\t\t\t<div class=\"elementor-template\">\n\t\t\t\t\t<div data-elementor-type=\"container\" data-elementor-id=\"8695\" class=\"elementor elementor-8695 elementor-8470 elementor-8470\" data-elementor-post-type=\"elementor_library\">\n\t\t\t\t<div class=\"elementor-element elementor-element-ebc97e7 e-flex e-con-boxed e-con e-parent\" data-id=\"ebc97e7\" data-element_type=\"container\" data-e-type=\"container\" data-settings=\"{&quot;background_background&quot;:&quot;classic&quot;}\">\n\t\t\t\t\t<div class=\"e-con-inner\">\n\t\t\t\t<div class=\"elementor-element elementor-element-6cd8ca21 elementor-widget elementor-widget-heading\" data-id=\"6cd8ca21\" data-element_type=\"widget\" data-e-type=\"widget\" data-widget_type=\"heading.default\">\n\t\t\t\t<div class=\"elementor-widget-container\">\n\t\t\t\t\t<div class=\"elementor-heading-title elementor-size-default\">Avantages de r\u00e9server en ligne<\/div>\t\t\t\t<\/div>\n\t\t\t\t<\/div>\n\t\t<div class=\"elementor-element elementor-element-fd9042e e-con-full e-flex e-con e-child\" data-id=\"fd9042e\" data-element_type=\"container\" data-e-type=\"container\">\n\t\t\t\t<div class=\"elementor-element elementor-element-636cc431 elementor-widget-mobile__width-initial elementor-view-default elementor-position-block-start elementor-mobile-position-block-start elementor-widget elementor-widget-icon-box\" data-id=\"636cc431\" data-element_type=\"widget\" data-e-type=\"widget\" data-widget_type=\"icon-box.default\">\n\t\t\t\t<div class=\"elementor-widget-container\">\n\t\t\t\t\t\t\t<div class=\"elementor-icon-box-wrapper\">\n\n\t\t\t\t\t\t<div class=\"elementor-icon-box-icon\">\n\t\t\t\t<span  class=\"elementor-icon\">\n\t\t\t\t<svg xmlns=\"http:\/\/www.w3.org\/2000\/svg\" height=\"24px\" viewBox=\"0 -960 960 960\" width=\"24px\" fill=\"#000000\"><path d=\"M444.5-164.5Q430-179 430-200t14.5-35.5Q459-250 480-250t35.5 14.5Q530-221 530-200t-14.5 35.5Q501-150 480-150t-35.5-14.5ZM254-346l-28-28q50-50 114.5-78T480-480q75 0 139.5 28T734-374l-28 28q-44-44-102-69t-124-25q-66 0-124 25t-102 69ZM84-516l-28-28q81-81 189-128.5T480-720q127 0 235 47.5T904-544l-28 28q-77-77-178.5-120.5T480-680q-116 0-217.5 43.5T84-516Z\"><\/path><\/svg>\t\t\t\t<\/span>\n\t\t\t<\/div>\n\t\t\t\n\t\t\t\t\t\t<div class=\"elementor-icon-box-content\">\n\n\t\t\t\t\t\t\t\t\t<h3 class=\"elementor-icon-box-title\">\n\t\t\t\t\t\t<span  >\n\t\t\t\t\t\t\tWi-Fi gratuit\t\t\t\t\t\t<\/span>\n\t\t\t\t\t<\/h3>\n\t\t\t\t\n\t\t\t\t\n\t\t\t<\/div>\n\t\t\t\n\t\t<\/div>\n\t\t\t\t\t\t<\/div>\n\t\t\t\t<\/div>\n\t\t\t\t<div class=\"elementor-element elementor-element-327e8bff elementor-widget-mobile__width-initial elementor-view-default elementor-position-block-start elementor-mobile-position-block-start elementor-widget elementor-widget-icon-box\" data-id=\"327e8bff\" data-element_type=\"widget\" data-e-type=\"widget\" data-widget_type=\"icon-box.default\">\n\t\t\t\t<div class=\"elementor-widget-container\">\n\t\t\t\t\t\t\t<div class=\"elementor-icon-box-wrapper\">\n\n\t\t\t\t\t\t<div class=\"elementor-icon-box-icon\">\n\t\t\t\t<span  class=\"elementor-icon\">\n\t\t\t\t<svg xmlns=\"http:\/\/www.w3.org\/2000\/svg\" height=\"24px\" viewBox=\"0 -960 960 960\" width=\"24px\" fill=\"#000000\"><path d=\"M192-132q-26 0-43-17t-17-43v-576q0-26 17-43t43-17h576q26 0 43 17t17 43v576q0 26-17 43t-43 17H192Zm0-28h576q12 0 22-10t10-22v-576q0-12-10-22t-22-10H192q-12 0-22 10t-10 22v576q0 12 10 22t22 10Zm128.5-260.5Q312-429 312-440t8.5-19.5Q329-468 340-468t19.5 8.5Q368-451 368-440t-8.5 19.5Q351-412 340-412t-19.5-8.5Zm280 0Q592-429 592-440t8.5-19.5Q609-468 620-468t19.5 8.5Q648-451 648-440t-8.5 19.5Q631-412 620-412t-19.5-8.5ZM252-508v222q0 6 4 10t10 4q6 0 10-4t4-10v-66h400v66q0 6 4 10t10 4q6 0 10-4t4-10v-222l-58-166q-2-7-7.5-10.5T630-688H330q-7 0-12.5 3.5T310-674l-58 166Zm36-20 46-132h292l46 132H288ZM160-800v640-640Zm120 420v-120h400v120H280Z\"><\/path><\/svg>\t\t\t\t<\/span>\n\t\t\t<\/div>\n\t\t\t\n\t\t\t\t\t\t<div class=\"elementor-icon-box-content\">\n\n\t\t\t\t\t\t\t\t\t<h3 class=\"elementor-icon-box-title\">\n\t\t\t\t\t\t<span  >\n\t\t\t\t\t\t\tParking gratuit\t\t\t\t\t\t<\/span>\n\t\t\t\t\t<\/h3>\n\t\t\t\t\n\t\t\t\t\n\t\t\t<\/div>\n\t\t\t\n\t\t<\/div>\n\t\t\t\t\t\t<\/div>\n\t\t\t\t<\/div>\n\t\t\t\t<div class=\"elementor-element elementor-element-846c732 elementor-widget-mobile__width-initial elementor-view-default elementor-position-block-start elementor-mobile-position-block-start elementor-widget elementor-widget-icon-box\" data-id=\"846c732\" data-element_type=\"widget\" data-e-type=\"widget\" data-widget_type=\"icon-box.default\">\n\t\t\t\t<div class=\"elementor-widget-container\">\n\t\t\t\t\t\t\t<div class=\"elementor-icon-box-wrapper\">\n\n\t\t\t\t\t\t<div class=\"elementor-icon-box-icon\">\n\t\t\t\t<span  class=\"elementor-icon\">\n\t\t\t\t<svg xmlns=\"http:\/\/www.w3.org\/2000\/svg\" height=\"24px\" viewBox=\"0 -960 960 960\" width=\"24px\" fill=\"#000000\"><path d=\"m354-287 126-76 126 77-33-144 111-96-146-13-58-136-58 135-146 13 111 97-33 143Zm-43 59 45-192-149-129 196-17 77-181 77 181 196 17-149 129 45 192-169-102-169 102Zm169-242Z\"><\/path><\/svg>\t\t\t\t<\/span>\n\t\t\t<\/div>\n\t\t\t\n\t\t\t\t\t\t<div class=\"elementor-icon-box-content\">\n\n\t\t\t\t\t\t\t\t\t<h3 class=\"elementor-icon-box-title\">\n\t\t\t\t\t\t<span  >\n\t\t\t\t\t\t\tCheck-in\/out flexible\t\t\t\t\t\t<\/span>\n\t\t\t\t\t<\/h3>\n\t\t\t\t\n\t\t\t\t\n\t\t\t<\/div>\n\t\t\t\n\t\t<\/div>\n\t\t\t\t\t\t<\/div>\n\t\t\t\t<\/div>\n\t\t\t\t<div class=\"elementor-element elementor-element-13300eda elementor-widget-mobile__width-initial elementor-view-default elementor-position-block-start elementor-mobile-position-block-start elementor-widget elementor-widget-icon-box\" data-id=\"13300eda\" data-element_type=\"widget\" data-e-type=\"widget\" data-widget_type=\"icon-box.default\">\n\t\t\t\t<div class=\"elementor-widget-container\">\n\t\t\t\t\t\t\t<div class=\"elementor-icon-box-wrapper\">\n\n\t\t\t\t\t\t<div class=\"elementor-icon-box-icon\">\n\t\t\t\t<span  class=\"elementor-icon\">\n\t\t\t\t<svg xmlns=\"http:\/\/www.w3.org\/2000\/svg\" height=\"24px\" viewBox=\"0 -960 960 960\" width=\"24px\" fill=\"#000000\"><path d=\"M828-688v416q0 26-17 43t-43 17H192q-26 0-43-17t-17-43v-416q0-26 17-43t43-17h576q26 0 43 17t17 43Zm-668 90h640v-90q0-12-10-22t-22-10H192q-12 0-22 10t-10 22v90Zm0 76v250q0 12 10 22t22 10h576q12 0 22-10t10-22v-250H160Zm0 282v-480 480Z\"><\/path><\/svg>\t\t\t\t<\/span>\n\t\t\t<\/div>\n\t\t\t\n\t\t\t\t\t\t<div class=\"elementor-icon-box-content\">\n\n\t\t\t\t\t\t\t\t\t<h3 class=\"elementor-icon-box-title\">\n\t\t\t\t\t\t<span  >\n\t\t\t\t\t\t\tPaiement \u00e0 l'h\u00f4tel\t\t\t\t\t\t<\/span>\n\t\t\t\t\t<\/h3>\n\t\t\t\t\n\t\t\t\t\n\t\t\t<\/div>\n\t\t\t\n\t\t<\/div>\n\t\t\t\t\t\t<\/div>\n\t\t\t\t<\/div>\n\t\t\t\t<\/div>\n\t\t\t\t\t<\/div>\n\t\t\t\t<\/div>\n\t\t\t\t<\/div>\n\t\t\t\t<\/div>\n\t\t\t\t\t\t<\/div>\n\t\t\t\t<\/div>\n\t\t\t\t<\/div>\n\t\t\t\t<\/div>\n\t\t","protected":false},"excerpt":{"rendered":"<p>La restauration \u00e0 l&rsquo;Hotel Platja d&rsquo;Aro L\u2019Hotel Platja d&rsquo;Aro propose \u00e0 ses clients h\u00e9berg\u00e9s un petit-d\u00e9jeuner buffet servi dans la salle de restaurant de l\u2019h\u00f4tel. Afin de rendre votre s\u00e9jour aussi agr\u00e9able que possible, nous avons \u00e9largi les horaires du service de petit-d\u00e9jeuner, qui sera propos\u00e9 de 8 h \u00e0 10 h 30. De plus,&hellip;&nbsp;<\/p>\n","protected":false},"author":1,"featured_media":0,"parent":0,"menu_order":0,"comment_status":"closed","ping_status":"closed","template":"elementor_header_footer","meta":{"_acf_changed":false,"neve_meta_sidebar":"","neve_meta_container":"","neve_meta_enable_content_width":"off","neve_meta_content_width":100,"neve_meta_title_alignment":"","neve_meta_author_avatar":"","neve_post_elements_order":"","neve_meta_disable_header":"","neve_meta_disable_footer":"","neve_meta_disable_title":"","neve_meta_reading_time":"","footnotes":""},"class_list":["post-8192","page","type-page","status-publish","hentry"],"acf":[],"yoast_head":"<!-- This site is optimized with the Yoast SEO plugin v28.4 - https:\/\/yoast.com\/product\/yoast-seo-wordpress\/ -->\n<title>La restauration \u00e0 l&#039;Hotel Platja d&#039;Aro | Hotel Platja d&#039;Aro<\/title>\n<meta name=\"robots\" content=\"index, follow, max-snippet:-1, max-image-preview:large, max-video-preview:-1\" \/>\n<link rel=\"canonical\" href=\"https:\/\/www.hplatjadaro.com\/fr\/restauration\/\" \/>\n<meta property=\"og:locale\" content=\"fr_FR\" \/>\n<meta property=\"og:type\" content=\"article\" \/>\n<meta property=\"og:title\" content=\"La restauration \u00e0 l&#039;Hotel Platja d&#039;Aro | Hotel Platja d&#039;Aro\" \/>\n<meta property=\"og:description\" content=\"La restauration \u00e0 l&rsquo;Hotel Platja d&rsquo;Aro L\u2019Hotel Platja d&rsquo;Aro propose \u00e0 ses clients h\u00e9berg\u00e9s un petit-d\u00e9jeuner buffet servi dans la salle de restaurant de l\u2019h\u00f4tel. Afin de rendre votre s\u00e9jour aussi agr\u00e9able que possible, nous avons \u00e9largi les horaires du service de petit-d\u00e9jeuner, qui sera propos\u00e9 de 8 h \u00e0 10 h 30. De plus,&hellip;&nbsp;\" \/>\n<meta property=\"og:url\" content=\"https:\/\/www.hplatjadaro.com\/fr\/restauration\/\" \/>\n<meta property=\"og:site_name\" content=\"Hotel Platja d&#039;Aro\" \/>\n<meta property=\"article:publisher\" content=\"https:\/\/www.facebook.com\/hotelplatjadaro\/\" \/>\n<meta property=\"article:modified_time\" content=\"2026-09-03T11:50:23+00:00\" \/>\n<meta property=\"og:image\" content=\"https:\/\/www.hplatjadaro.com\/wp-content\/uploads\/2026\/09\/logo-hplatjadaro.webp\" \/>\n\t<meta property=\"og:image:width\" content=\"1280\" \/>\n\t<meta property=\"og:image:height\" content=\"720\" \/>\n\t<meta property=\"og:image:type\" content=\"image\/webp\" \/>\n<meta name=\"twitter:card\" content=\"summary_large_image\" \/>\n<meta name=\"twitter:label1\" content=\"Dur\u00e9e de lecture estim\u00e9e\" \/>\n\t<meta name=\"twitter:data1\" content=\"4 minutes\" \/>\n<script type=\"application\/ld+json\" class=\"yoast-schema-graph\">{\"@context\":\"https:\\\/\\\/schema.org\",\"@graph\":[{\"@type\":\"WebPage\",\"@id\":\"https:\\\/\\\/www.hplatjadaro.com\\\/fr\\\/restauration\\\/\",\"url\":\"https:\\\/\\\/www.hplatjadaro.com\\\/fr\\\/restauration\\\/\",\"name\":\"La restauration \u00e0 l'Hotel Platja d'Aro | Hotel Platja d&#039;Aro\",\"isPartOf\":{\"@id\":\"https:\\\/\\\/www.hplatjadaro.com\\\/fr\\\/#website\"},\"datePublished\":\"2026-07-01T11:39:35+00:00\",\"dateModified\":\"2026-09-03T11:50:23+00:00\",\"breadcrumb\":{\"@id\":\"https:\\\/\\\/www.hplatjadaro.com\\\/fr\\\/restauration\\\/#breadcrumb\"},\"inLanguage\":\"fr-FR\",\"potentialAction\":[{\"@type\":\"ReadAction\",\"target\":[\"https:\\\/\\\/www.hplatjadaro.com\\\/fr\\\/restauration\\\/\"]}]},{\"@type\":\"BreadcrumbList\",\"@id\":\"https:\\\/\\\/www.hplatjadaro.com\\\/fr\\\/restauration\\\/#breadcrumb\",\"itemListElement\":[{\"@type\":\"ListItem\",\"position\":1,\"name\":\"Portada\",\"item\":\"https:\\\/\\\/www.hplatjadaro.com\\\/fr\\\/\"},{\"@type\":\"ListItem\",\"position\":2,\"name\":\"La restauration \u00e0 l&#8217;Hotel Platja d&#8217;Aro\"}]},{\"@type\":\"WebSite\",\"@id\":\"https:\\\/\\\/www.hplatjadaro.com\\\/fr\\\/#website\",\"url\":\"https:\\\/\\\/www.hplatjadaro.com\\\/fr\\\/\",\"name\":\"Hotel Platja d'Aro\",\"description\":\"Un hotel familiar al costat de la platja\",\"publisher\":{\"@id\":\"https:\\\/\\\/www.hplatjadaro.com\\\/fr\\\/#organization\"},\"alternateName\":\"Hotel Platja d'Aro\",\"potentialAction\":[{\"@type\":\"SearchAction\",\"target\":{\"@type\":\"EntryPoint\",\"urlTemplate\":\"https:\\\/\\\/www.hplatjadaro.com\\\/fr\\\/?s={search_term_string}\"},\"query-input\":{\"@type\":\"PropertyValueSpecification\",\"valueRequired\":true,\"valueName\":\"search_term_string\"}}],\"inLanguage\":\"fr-FR\"},{\"@type\":\"Organization\",\"@id\":\"https:\\\/\\\/www.hplatjadaro.com\\\/fr\\\/#organization\",\"name\":\"Hotel Platja d'Aro\",\"alternateName\":\"Hotel Platja d'Aro\",\"url\":\"https:\\\/\\\/www.hplatjadaro.com\\\/fr\\\/\",\"logo\":{\"@type\":\"ImageObject\",\"inLanguage\":\"fr-FR\",\"@id\":\"https:\\\/\\\/www.hplatjadaro.com\\\/fr\\\/#\\\/schema\\\/logo\\\/image\\\/\",\"url\":\"https:\\\/\\\/www.hplatjadaro.com\\\/wp-content\\\/uploads\\\/2026\\\/07\\\/favicon.png\",\"contentUrl\":\"https:\\\/\\\/www.hplatjadaro.com\\\/wp-content\\\/uploads\\\/2026\\\/07\\\/favicon.png\",\"width\":512,\"height\":512,\"caption\":\"Hotel Platja d'Aro\"},\"image\":{\"@id\":\"https:\\\/\\\/www.hplatjadaro.com\\\/fr\\\/#\\\/schema\\\/logo\\\/image\\\/\"},\"sameAs\":[\"https:\\\/\\\/www.facebook.com\\\/hotelplatjadaro\\\/\",\"https:\\\/\\\/www.linkedin.com\\\/company\\\/grup-aromar\\\/about\\\/\",\"https:\\\/\\\/www.instagram.com\\\/hotelplatjadaro\\\/\",\"https:\\\/\\\/www.tiktok.com\\\/@aromarhotels\"]}]}<\/script>\n<!-- \/ Yoast SEO plugin. -->","yoast_head_json":{"title":"La restauration \u00e0 l'Hotel Platja d'Aro | Hotel Platja d&#039;Aro","robots":{"index":"index","follow":"follow","max-snippet":"max-snippet:-1","max-image-preview":"max-image-preview:large","max-video-preview":"max-video-preview:-1"},"canonical":"https:\/\/www.hplatjadaro.com\/fr\/restauration\/","og_locale":"fr_FR","og_type":"article","og_title":"La restauration \u00e0 l'Hotel Platja d'Aro | Hotel Platja d&#039;Aro","og_description":"La restauration \u00e0 l&rsquo;Hotel Platja d&rsquo;Aro L\u2019Hotel Platja d&rsquo;Aro propose \u00e0 ses clients h\u00e9berg\u00e9s un petit-d\u00e9jeuner buffet servi dans la salle de restaurant de l\u2019h\u00f4tel. Afin de rendre votre s\u00e9jour aussi agr\u00e9able que possible, nous avons \u00e9largi les horaires du service de petit-d\u00e9jeuner, qui sera propos\u00e9 de 8 h \u00e0 10 h 30. De plus,&hellip;&nbsp;","og_url":"https:\/\/www.hplatjadaro.com\/fr\/restauration\/","og_site_name":"Hotel Platja d&#039;Aro","article_publisher":"https:\/\/www.facebook.com\/hotelplatjadaro\/","article_modified_time":"2026-09-03T11:50:23+00:00","og_image":[{"width":1280,"height":720,"url":"https:\/\/www.hplatjadaro.com\/wp-content\/uploads\/2026\/09\/logo-hplatjadaro.webp","type":"image\/webp"}],"twitter_card":"summary_large_image","twitter_misc":{"Dur\u00e9e de lecture estim\u00e9e":"4 minutes"},"schema":{"@context":"https:\/\/schema.org","@graph":[{"@type":"WebPage","@id":"https:\/\/www.hplatjadaro.com\/fr\/restauration\/","url":"https:\/\/www.hplatjadaro.com\/fr\/restauration\/","name":"La restauration \u00e0 l'Hotel Platja d'Aro | Hotel Platja d&#039;Aro","isPartOf":{"@id":"https:\/\/www.hplatjadaro.com\/fr\/#website"},"datePublished":"2026-07-01T11:39:35+00:00","dateModified":"2026-09-03T11:50:23+00:00","breadcrumb":{"@id":"https:\/\/www.hplatjadaro.com\/fr\/restauration\/#breadcrumb"},"inLanguage":"fr-FR","potentialAction":[{"@type":"ReadAction","target":["https:\/\/www.hplatjadaro.com\/fr\/restauration\/"]}]},{"@type":"BreadcrumbList","@id":"https:\/\/www.hplatjadaro.com\/fr\/restauration\/#breadcrumb","itemListElement":[{"@type":"ListItem","position":1,"name":"Portada","item":"https:\/\/www.hplatjadaro.com\/fr\/"},{"@type":"ListItem","position":2,"name":"La restauration \u00e0 l&#8217;Hotel Platja d&#8217;Aro"}]},{"@type":"WebSite","@id":"https:\/\/www.hplatjadaro.com\/fr\/#website","url":"https:\/\/www.hplatjadaro.com\/fr\/","name":"Hotel Platja d'Aro","description":"Un hotel familiar al costat de la platja","publisher":{"@id":"https:\/\/www.hplatjadaro.com\/fr\/#organization"},"alternateName":"Hotel Platja d'Aro","potentialAction":[{"@type":"SearchAction","target":{"@type":"EntryPoint","urlTemplate":"https:\/\/www.hplatjadaro.com\/fr\/?s={search_term_string}"},"query-input":{"@type":"PropertyValueSpecification","valueRequired":true,"valueName":"search_term_string"}}],"inLanguage":"fr-FR"},{"@type":"Organization","@id":"https:\/\/www.hplatjadaro.com\/fr\/#organization","name":"Hotel Platja d'Aro","alternateName":"Hotel Platja d'Aro","url":"https:\/\/www.hplatjadaro.com\/fr\/","logo":{"@type":"ImageObject","inLanguage":"fr-FR","@id":"https:\/\/www.hplatjadaro.com\/fr\/#\/schema\/logo\/image\/","url":"https:\/\/www.hplatjadaro.com\/wp-content\/uploads\/2026\/07\/favicon.png","contentUrl":"https:\/\/www.hplatjadaro.com\/wp-content\/uploads\/2026\/07\/favicon.png","width":512,"height":512,"caption":"Hotel Platja d'Aro"},"image":{"@id":"https:\/\/www.hplatjadaro.com\/fr\/#\/schema\/logo\/image\/"},"sameAs":["https:\/\/www.facebook.com\/hotelplatjadaro\/","https:\/\/www.linkedin.com\/company\/grup-aromar\/about\/","https:\/\/www.instagram.com\/hotelplatjadaro\/","https:\/\/www.tiktok.com\/@aromarhotels"]}]}},"_links":{"self":[{"href":"https:\/\/www.hplatjadaro.com\/fr\/wp-json\/wp\/v2\/pages\/8192","targetHints":{"allow":["GET"]}}],"collection":[{"href":"https:\/\/www.hplatjadaro.com\/fr\/wp-json\/wp\/v2\/pages"}],"about":[{"href":"https:\/\/www.hplatjadaro.com\/fr\/wp-json\/wp\/v2\/types\/page"}],"author":[{"embeddable":true,"href":"https:\/\/www.hplatjadaro.com\/fr\/wp-json\/wp\/v2\/users\/1"}],"replies":[{"embeddable":true,"href":"https:\/\/www.hplatjadaro.com\/fr\/wp-json\/wp\/v2\/comments?post=8192"}],"version-history":[{"count":10,"href":"https:\/\/www.hplatjadaro.com\/fr\/wp-json\/wp\/v2\/pages\/8192\/revisions"}],"predecessor-version":[{"id":10318,"href":"https:\/\/www.hplatjadaro.com\/fr\/wp-json\/wp\/v2\/pages\/8192\/revisions\/10318"}],"wp:attachment":[{"href":"https:\/\/www.hplatjadaro.com\/fr\/wp-json\/wp\/v2\/media?parent=8192"}],"curies":[{"name":"wp","href":"https:\/\/api.w.org\/{rel}","templated":true}]}}